{"id":73,"date":"2023-04-03T11:26:06","date_gmt":"2023-04-03T09:26:06","guid":{"rendered":"https:\/\/www.eosearchsummit.de\/?page_id=73"},"modified":"2025-11-10T13:50:55","modified_gmt":"2025-11-10T12:50:55","slug":"datenschutz","status":"publish","type":"page","link":"https:\/\/eovent.eology.de\/eosearchsummit\/datenschutz","title":{"rendered":"Datenschutz"},"content":{"rendered":"<section class=\"container content gb-block wp-block-paragraph fade-in\">\n<p class=\"hyphenate\" lang=\"de\"><strong>Datenschutzerkl\u00e4rung der eology GmbH<\/strong><\/p>\n<\/section>\n\n<section class=\"container content gb-block wp-block-heading fade-in\">\n<h2 class=\"wp-block-heading\" id=\"h-1-praambel\">1. Pr\u00e4ambel<\/h2>\n<\/section>\n\n<section class=\"container content gb-block wp-block-paragraph fade-in\">\n<p class=\"hyphenate\" lang=\"de\"><strong>Wir freuen uns \u00fcber Ihren Besuch auf der Webseite unseres Unternehmens. Grunds\u00e4tzlich k\u00f6nnen Sie diese Internetpr\u00e4senz ohne die Angabe von personenbezogenen Daten verwenden. Sollten Sie uns gegen\u00fcber Daten im Zusammenhang mit den nachfolgend beschriebenen Verarbeitungen offenlegen, behandeln wir Ihre personenbezogenen Daten vertraulich und entsprechend den gesetzlichen Datenschutzvorschriften der europ\u00e4ischen Union und der Bundesrepublik Deutschland sowie dieser Datenschutzerkl\u00e4rung.<\/strong><\/p>\n<\/section>\n\n<section class=\"container content gb-block wp-block-paragraph fade-in\">\n<p class=\"hyphenate\" lang=\"de\"><strong>Die eology GmbH hat als f\u00fcr die Verarbeitung Verantwortlicher zahlreiche technische und organisatorische Ma\u00dfnahmen umgesetzt, um einen m\u00f6glichst l\u00fcckenlosen Schutz der \u00fcber diese Internetseite verarbeiteten personenbezogenen Daten sicherzustellen. Dennoch k\u00f6nnen internetbasierte Daten\u00fcbertragungen grunds\u00e4tzlich Sicherheitsl\u00fccken aufweisen, sodass ein absoluter Schutz nicht gew\u00e4hrleistet werden kann. Aus diesem Grund steht es Ihnen als Betroffenem frei, personenbezogene Daten auch auf alternativen Wegen, beispielsweise telefonisch oder per Post, an uns zu \u00fcbermitteln.<\/strong><\/p>\n<\/section>\n\n<section class=\"container content gb-block wp-block-heading fade-in\">\n<h2 class=\"wp-block-heading\" id=\"h-2-begriffsbestimmungen\">2. Begriffsbestimmungen<\/h2>\n<\/section>\n\n<section class=\"container content gb-block wp-block-paragraph fade-in\">\n<p class=\"hyphenate\" lang=\"de\">Die Datenschutzerkl\u00e4rung der eology GmbH beruht auf den Begrifflichkeiten, die durch den Europ\u00e4ischen Richtlinien- und Verordnungsgeber beim Erlass der Datenschutz-Grundverordnung (DSGVO) verwendet wurden. Die detaillierten Definitionen finden Sie im Art. 4 DSGVO. Im Wesentlichen sind dies folgende Begrifflichkeiten, hier vereinfacht beschrieben:<\/p>\n<\/section>\n\n<section class=\"container content gb-block wp-block-paragraph fade-in\">\n<p class=\"hyphenate\" lang=\"de\"><strong>a) Personenbezogene Daten<\/strong><br \/>Dies sind alle Informationen die uns als Verantwortlichem zur Verf\u00fcgung stehen, um Sie als nat\u00fcrliche Person zu bestimmen (z.B. Name, Adresse, E-Mail, Telefonnummer, IP-Adresse).<\/p>\n<\/section>\n\n<section class=\"container content gb-block wp-block-paragraph fade-in\">\n<p class=\"hyphenate\" lang=\"de\"><strong>b) Betroffene Person<\/strong><br \/>Das sind Sie als nat\u00fcrliche Person, sofern wir Sie identifiziert haben.<\/p>\n<\/section>\n\n<section class=\"container content gb-block wp-block-paragraph fade-in\">\n<p class=\"hyphenate\" lang=\"de\"><strong>c) Verarbeitung<\/strong><br \/>Eine Verarbeitung ist jedes Erfassen, Speichern, Weiterverarbeiten, Weiterleiten, Archivieren und L\u00f6schen von Daten. Hierbei ist es unerheblich, ob der Vorgang mithilfe von IT-Systemen automatisiert vorgenommen wird oder ob er manuell (z.B. per Brief) erfolgt.<\/p>\n<\/section>\n\n<section class=\"container content gb-block wp-block-paragraph fade-in\">\n<p class=\"hyphenate\" lang=\"de\"><strong>d) Einschr\u00e4nkung der Verarbeitung<\/strong><br \/>Einschr\u00e4nkung der Verarbeitung ist die Markierung gespeicherter personenbezogener Daten mit dem Ziel, ihre k\u00fcnftige Verarbeitung einzuschr\u00e4nken.<\/p>\n<\/section>\n\n<section class=\"container content gb-block wp-block-paragraph fade-in\">\n<p class=\"hyphenate\" lang=\"de\"><strong>e) Profiling<\/strong><br \/>Profiling ist jede Art der automatisierten Verarbeitung von Ihren Daten, die darin besteht, dass diese Daten verwendet werden, um bestimmte pers\u00f6nliche Aspekte, die sich auf Sie beziehen, zu bewerten. Insbesondere um Aspekte bez\u00fcglich ihrer Arbeitsleistung, wirtschaftlichen Lage, Gesundheit, pers\u00f6nlicher Vorlieben, Interessen, Verhalten, Aufenthaltsort oder Ortswechsel zu analysieren oder vorherzusagen.<\/p>\n<\/section>\n\n<section class=\"container content gb-block wp-block-paragraph fade-in\">\n<p class=\"hyphenate\" lang=\"de\"><strong>f) Pseudonymisierung<\/strong><br \/>Dies ist ein Vorgang, um Ihre personenbezogenen Daten mit einer Kennung zu versehen. Im Weiteren wird dann nur noch mit dieser Kennung gearbeitet und ohne den Ursprungsschl\u00fcssel oder einer \u201eReferenzdatenbank\u201c kann dieses Pseudonym nicht aufgel\u00f6st werden (z.B. Vergabe einer Kundennummer).<\/p>\n<\/section>\n\n<section class=\"container content gb-block wp-block-paragraph fade-in\">\n<p class=\"hyphenate\" lang=\"de\"><strong>g) Verantwortlicher<\/strong><br \/>Verantwortlicher oder f\u00fcr die Verarbeitung verantwortlich, ist die EOLOGY GMBH, mit der Sie eine Vertragsbeziehung haben. Dabei ist entscheidend, dass wir selbst\u00e4ndig \u00fcber die Verarbeitungsverfahren und Mittel entscheiden k\u00f6nnen.<\/p>\n<\/section>\n\n<section class=\"container content gb-block wp-block-paragraph fade-in\">\n<p class=\"hyphenate\" lang=\"de\"><strong>h) Auftragsverarbeiter<\/strong><br \/>Ein Auftragsverarbeiter ist eine Firmierung, die von der EOLOGY GMBH damit beauftragt wurde, uns bei der Erhebung, Verarbeitung, Speicherung, Weiterleitung oder L\u00f6schung von Ihren Daten zu unterst\u00fctzen. Meist sind dies IT-Dienstleister aber auch Entsorgungsunternehmen, die z.B. mit der Aktenvernichtung beauftragt sind.<\/p>\n<\/section>\n\n<section class=\"container content gb-block wp-block-paragraph fade-in\">\n<p class=\"hyphenate\" lang=\"de\"><strong>i) Einwilligung<\/strong><br \/>Eine Einwilligung ist jede von Ihnen f\u00fcr den bestimmten Einzelfall gegebene Willensbekundung. Dabei werden Sie vollumf\u00e4nglich dar\u00fcber informiert, worin Sie einwilligen.<\/p>\n<\/section>\n\n<section class=\"container content gb-block wp-block-heading fade-in\">\n<h2 class=\"wp-block-heading\" id=\"h-3-verantwortlicher\">3. Verantwortlicher<\/h2>\n<\/section>\n\n<section class=\"container content gb-block wp-block-paragraph fade-in\">\n<p class=\"hyphenate\" lang=\"de\">Verantwortlicher im Sinne der Datenschutz-Grundverordnung und anderer Bestimmungen mit datenschutzrechtlichem Charakter, f\u00fcr diese Webseite und die zentralen Dienste der eology GmbH ist:<\/p>\n<\/section>\n\n<section class=\"container content gb-block wp-block-paragraph fade-in\">\n<p class=\"hyphenate\" lang=\"de\"><strong>eology GmbH<\/strong><br \/>Daniel Unger, Axel Scheuering<br \/>Spitalstra\u00dfe 23<br \/>97332 Volkach<br \/><strong>Tel.:<\/strong> <a href=\"tel:+49 9381 5829000\">+49 9381 5829000<\/a><br \/><strong>Email<\/strong>: <a href=\"mailto:&#105;n&#102;&#111;&#64;&#101;&#111;l&#111;&#103;&#121;.d&#101;\">&#105;nfo&#64;&#101;&#111;logy&#46;&#100;&#101;<\/a><\/p>\n<\/section>\n\n<section class=\"container content gb-block wp-block-heading fade-in\">\n<h2 class=\"wp-block-heading\" id=\"h-4-datenschutzbeauftragter\">4. Datenschutzbeauftragter<\/h2>\n<\/section>\n\n<section class=\"container content gb-block wp-block-paragraph fade-in\">\n<p class=\"hyphenate\" lang=\"de\">F\u00fcr die eology GmbH wurde ein Datenschutzbeauftragter bestellt. Dieser steht Ihnen jederzeit f\u00fcr Fragen im Zusammenhang mit Datenverarbeitungen zur Verf\u00fcgung.<\/p>\n<\/section>\n\n<section class=\"container content gb-block wp-block-paragraph fade-in\">\n<p class=\"hyphenate\" lang=\"de\"><strong>pco GmbH &amp; Co. KG<\/strong><br \/>Datenschutzbeauftragte\/r<br \/>Industriestra\u00dfe 6a<br \/>97359 Schwarzach am Main<br \/><strong>Tel.:<\/strong> <strong><a href=\"tel: +49 541 9632 5200\">+49 541 9632 5200<\/a><\/strong><br \/><strong>Email<\/strong>: <a href=\"mailto:in&#102;o&#64;&#101;&#105;&#107;o&#110;a&#45;sy&#115;te&#109;s.d&#101;\"><\/a><a href=\"mailto:da&#116;en&#115;c&#104;&#117;t&#122;&#64;eology&#46;d&#101;\">&#100;&#97;t&#101;nschu&#116;&#122;&#64;e&#111;l&#111;&#103;&#121;&#46;de<\/a><\/p>\n<\/section>\n\n<section class=\"container content gb-block wp-block-heading fade-in\">\n<h2 class=\"wp-block-heading\" id=\"h-5-rechte-des-betroffenen\">5. Rechte des Betroffenen<\/h2>\n<\/section>\n\n<section class=\"container content gb-block wp-block-paragraph fade-in\">\n<p class=\"hyphenate\" lang=\"de\">Gem\u00e4\u00df dem Kapitel 3 der DSGVO haben Sie als Betroffener die hier folgend aufgef\u00fchrten Rechte. Um unsere Pflichten im Zusammenhang mit Ihren Rechten auch gesetzkonform zu erf\u00fcllen, richten Sie bitte entsprechende Anfragen an unseren Datenschutzbeauftragten.<\/p>\n<\/section>\n\n<section class=\"container content gb-block wp-block-paragraph fade-in\">\n<p class=\"hyphenate\" lang=\"de\"><strong>a) Art. 15 Auskunftsrecht<\/strong><br \/>Sie haben ein unbeschr\u00e4nktes Recht, Auskunft \u00fcber die von Ihnen verarbeiteten personenbezogenen Daten zu verlangen. Diese Auskunft muss Ihnen kostenfrei gew\u00e4hrt werden. Dabei k\u00f6nnen Sie Auskunft \u00fcber folgende Informationen verlangen, die Ihnen auch in Kopie \u00fcbermittelt werden m\u00fcssen:<\/p>\n<\/section>\n\n<section class=\"container content gb-block wp-block-list fade-in\">\n<ul class=\"wp-block-list\">\n<li>den Verarbeitungszweck ihrer Daten,<\/li>\n\n\n\n<li>die Kategorien der Daten,<\/li>\n\n\n\n<li>die internen und externen Empf\u00e4nger Ihrer Daten,<\/li>\n\n\n\n<li>die Dauer der Datenspeicherung,<\/li>\n\n\n\n<li>ihre Rechte aus dem Kapitel 3 im Zusammenhang mit der Datenverarbeitung,<\/li>\n\n\n\n<li>die Herkunft der Daten, sofern Sie nicht bei Ihnen erhoben wurden,<\/li>\n\n\n\n<li>ob eine Profilbildung vorgenommen wurde,<\/li>\n\n\n\n<li>ob Ihre Daten in ein Drittland (nicht EU und nicht EWR) weitergegeben wurden,<\/li>\n\n\n\n<li>welche Datenschutzbeh\u00f6rde f\u00fcr unser jeweiliges Unternehmen zust\u00e4ndig ist.<\/li>\n<\/ul>\n<\/section>\n\n<section class=\"container content gb-block wp-block-paragraph fade-in\">\n<p class=\"hyphenate\" lang=\"de\"><strong>b) Art. 16 Recht auf Berichtigung<\/strong><br \/>Sollten wir falsche Daten von Ihnen verarbeiten, k\u00f6nnen Sie diese jederzeit bei Ihrer Kontaktperson berichtigen lassen.<\/p>\n<\/section>\n\n<section class=\"container content gb-block wp-block-paragraph fade-in\">\n<p class=\"hyphenate\" lang=\"de\"><strong>c) Art. 17 Recht auf L\u00f6schung<\/strong><br \/>Sie haben jederzeit das Recht dazu, die L\u00f6schung Ihrer personenbezogenen Daten zu verlangen. Es kann vorkommen, dass wir gesetzlich dazu verpflichtet sind, Ihre Daten f\u00fcr eine gewisse Aufbewahrungsfrist vorzuhalten (z.B. 6 Jahre bei Gesch\u00e4ftspost oder 10 Jahre bei Unterlagen mit steuerrechtlichem Bezug). In einem solchen Fall werden wir Ihren Datensatz sperren bis die Aufbewahrungsfrist abgelaufen ist und dann entsprechend den Datensatz l\u00f6schen. L\u00f6schbegehren richten Sie bitte an den Datenschutzbeauftragten, dieser wird f\u00fcr Sie Ihre Rechte in unserem Unternehmen wahrnehmen.<\/p>\n<\/section>\n\n<section class=\"container content gb-block wp-block-paragraph fade-in\">\n<p class=\"hyphenate\" lang=\"de\"><strong>d) Art. 18 Recht auf Einschr\u00e4nkung der Verarbeitung<\/strong><br \/>Wenn Sie die Richtigkeit unserer Daten zu Ihrer Person bestreiten, oder wenn Sie die L\u00f6schung Ihrer Daten ablehnen und stattdessen die Einschr\u00e4nkung verlangen (z.B. bei Werbezuschriften), dann k\u00f6nnen Sie die Einschr\u00e4nkung der Verarbeitung von uns verlangen. Wir werden Ihre Daten dann auf \u201egesperrt\u201c setzen.<\/p>\n<\/section>\n\n<section class=\"container content gb-block wp-block-paragraph fade-in\">\n<p class=\"hyphenate\" lang=\"de\"><strong>e) Art. 19 Mitteilungspflichten im Zusammenhang mit der Berichtigung, L\u00f6schung oder Einschr\u00e4nkung<\/strong><br \/>Wir sind dazu verpflichtet allen Empf\u00e4ngern Ihrer Daten, eine von Ihnen beauftragte Berichtigung, L\u00f6schung oder Einschr\u00e4nkung mitzuteilen, sofern dies m\u00f6glich ist und mit einem verh\u00e4ltnism\u00e4\u00dfigen Aufwand zu realisieren ist. Wir werden Sie \u00fcber die Empf\u00e4nger Ihrer Daten informieren, wenn Sie dies verlangen.<\/p>\n<\/section>\n\n<section class=\"container content gb-block wp-block-paragraph fade-in\">\n<p class=\"hyphenate\" lang=\"de\"><strong>f) Art. 20 Recht auf Daten\u00fcbertragbarkeit<\/strong><br \/>Sie haben jederzeit das Recht bei unserem Unternehmen eine \u00dcbertragung Ihrer Daten an einen anderen Verantwortlichen zu verlangen. Dies bezieht sich auf alle Stammdaten, die wir \u00fcber Sie f\u00fchren. Sofern dies technisch m\u00f6glich ist, werden wir den Datensatz in einem g\u00e4ngigen maschinenlesbaren Format (z.B. .csv) zur Verf\u00fcgung stellen.<\/p>\n<\/section>\n\n<section class=\"container content gb-block wp-block-paragraph fade-in\">\n<p class=\"hyphenate\" lang=\"de\"><strong>g) Art. 21 Widerspruchsrecht<\/strong><br \/>Sollte eine Datenverarbeitung auf den Art. 6 Abs. I lit. f (sogenanntes berechtigtes Interesse) begr\u00fcndet worden sein, k\u00f6nnen Sie gegen die Verarbeitung in diesem Zusammenhang Widerspruch einreichen.<\/p>\n<\/section>\n\n<section class=\"container content gb-block wp-block-paragraph fade-in\">\n<p class=\"hyphenate\" lang=\"de\"><strong>h) Art. 77 Recht auf Beschwerde bei einer Aufsichtsbeh\u00f6rde<\/strong><br \/>Sie haben jederzeit das Recht sich bei der f\u00fcr unser Unternehmen zust\u00e4ndigen Datenschutz Aufsichtsbeh\u00f6rde zu beschweren, wenn Sie der Ansicht sind, dass wir in irgendeiner Weise gegen die Bestimmungen der DSGVO versto\u00dfen. F\u00fcr die EOLOGY GMBH ist folgende Beh\u00f6rde zust\u00e4ndig:<\/p>\n<\/section>\n\n<section class=\"container content gb-block wp-block-paragraph fade-in\">\n<p class=\"hyphenate\" lang=\"de\"><strong>Bayerisches Landesamt f\u00fcr Datenschutzaufsicht <\/strong>(BayLDA)<br \/>Promenade 18<br \/>91522 Ansbach<\/p>\n<\/section>\n\n<section class=\"container content gb-block wp-block-paragraph fade-in\">\n<p class=\"hyphenate\" lang=\"de\">Auf das Internetangebot der Datenschutz Aufsichtsbeh\u00f6rde gelangen Sie \u00fcber folgenden Link: <a target=\"_blank\" rel=\"nofollow noopener\" href=\"https:\/\/www.lda.bayern.de\/de\/index.html\">https:\/\/www.lda.bayern.de\/de\/index.html<\/a><\/p>\n<\/section>\n\n<section class=\"container content gb-block wp-block-heading fade-in\">\n<h2 class=\"wp-block-heading\" id=\"h-6-verarbeitungen\">6. Verarbeitungen<\/h2>\n<\/section>\n\n<section class=\"container content gb-block wp-block-paragraph fade-in\">\n<p class=\"hyphenate\" lang=\"de\">In diesem Abschnitt werden wir die Datenverarbeitungen beschreiben, die im Zusammenhang mit unserem Internetangebot stehen, bzw. die f\u00fcr eine generelle Gesch\u00e4ftsbeziehung zwischen Ihnen und unserem Unternehmen gilt.<\/p>\n<\/section>\n\n<section class=\"container content gb-block wp-block-paragraph fade-in\">\n<p class=\"hyphenate\" lang=\"de\">Folgende Rechtsgrundlagen dienen uns f\u00fcr die Verarbeitung Ihrer Daten.<\/p>\n<\/section>\n\n<section class=\"container content gb-block wp-block-paragraph fade-in\">\n<p class=\"hyphenate\" lang=\"de\">Art. 6 I lit. a DSGVO dient unserem Unternehmen als Rechtsgrundlage f\u00fcr Verarbeitungsvorg\u00e4nge, bei denen wir eine Einwilligung f\u00fcr einen bestimmten Verarbeitungszweck einholen.<\/p>\n<\/section>\n\n<section class=\"container content gb-block wp-block-paragraph fade-in\">\n<p class=\"hyphenate\" lang=\"de\">Ist die Verarbeitung Ihrer Daten zur Erf\u00fcllung eines Vertrags, dessen Vertragspartei Sie sind, erforderlich, wie dies beispielsweise bei Verarbeitungsvorg\u00e4ngen der Fall ist, die f\u00fcr eine Lieferung von Waren oder die Erbringung einer sonstigen Leistung oder Gegenleistung notwendig sind, so beruht die Verarbeitung auf Art. 6 I lit. b DSGVO. Gleiches gilt f\u00fcr solche Verarbeitungsvorg\u00e4nge, die zur Durchf\u00fchrung vorvertraglicher Ma\u00dfnahmen erforderlich sind, etwa in F\u00e4llen von Anfragen zu unseren Produkten oder Leistungen.<\/p>\n<\/section>\n\n<section class=\"container content gb-block wp-block-paragraph fade-in\">\n<p class=\"hyphenate\" lang=\"de\">Unterliegt unser Unternehmen einer rechtlichen Verpflichtung durch welche eine Verarbeitung von personenbezogenen Daten erforderlich wird, wie beispielsweise zur Erf\u00fcllung steuerlicher Pflichten, so basiert die Verarbeitung auf Art. 6 I lit. c DSGVO.<\/p>\n<\/section>\n\n<section class=\"container content gb-block wp-block-paragraph fade-in\">\n<p class=\"hyphenate\" lang=\"de\">In seltenen F\u00e4llen k\u00f6nnte die Verarbeitung von personenbezogenen Daten erforderlich werden, um lebenswichtige Interessen der betroffenen Person oder einer anderen nat\u00fcrlichen Person zu sch\u00fctzen. Dies w\u00e4re beispielsweise der Fall, wenn ein Besucher in unserem Betrieb verletzt werden w\u00fcrde und daraufhin sein Name, sein Alter, seine Krankenkassendaten oder sonstige lebenswichtige Informationen an einen Arzt, ein Krankenhaus oder sonstige Dritte weitergegeben werden m\u00fcssten. Dann w\u00fcrde die Verarbeitung auf Art. 6 I lit. d DSGVO beruhen.<\/p>\n<\/section>\n\n<section class=\"container content gb-block wp-block-paragraph fade-in\">\n<p class=\"hyphenate\" lang=\"de\">Letztlich k\u00f6nnten Verarbeitungsvorg\u00e4nge auf Art. 6 I lit. f DSGVO beruhen. Auf dieser Rechtsgrundlage basieren Verarbeitungsvorg\u00e4nge, die von keiner der vorgenannten Rechtsgrundlagen erfasst werden, wenn die Verarbeitung zur Wahrung eines berechtigten Interesses unseres Unternehmens oder eines Dritten erforderlich ist, sofern die Interessen, Grundrechte und Grundfreiheiten von Ihnen nicht \u00fcberwiegen. Solche Verarbeitungsvorg\u00e4nge sind uns insbesondere deshalb gestattet, weil sie durch den Europ\u00e4ischen Gesetzgeber besonders erw\u00e4hnt wurden.<\/p>\n<\/section>\n\n<section class=\"container content gb-block wp-block-paragraph fade-in\">\n<p class=\"hyphenate\" lang=\"de\"><strong>a) Webseite<\/strong><br \/>Wir betreiben diese Webseite und erfassen in diesem Zusammenhang unterschiedliche Daten.<\/p>\n<\/section>\n\n<section class=\"container content gb-block wp-block-heading fade-in\">\n<h2 class=\"wp-block-heading\" id=\"h-6-1-cookies\">6.1 <strong>Cookies<\/strong><\/h2>\n<\/section>\n\n<section class=\"container content gb-block wp-block-paragraph fade-in\">\n<p class=\"hyphenate\" lang=\"de\">Die Internetseiten verwenden teilweise so genannte Cookies. Cookies richten auf Ihrem Rechner keinen Schaden an und enthalten keine Viren. Cookies dienen dazu, unser Angebot nutzerfreundlicher, effektiver und sicherer zu machen. Cookies sind kleine Dateien, die auf Ihrem Rechner abgelegt werden und die Ihr Browser speichert.<\/p>\n<\/section>\n\n<section class=\"container content gb-block wp-block-paragraph fade-in\">\n<p class=\"hyphenate\" lang=\"de\">Die meisten der von uns verwendeten Cookies sind so genannte \u201cSession-Cookies\u201d. Sie werden nach Ende Ihres Besuchs automatisch gel\u00f6scht. Andere Cookies bleiben auf Ihrem Endger\u00e4t gespeichert bis Sie diese l\u00f6schen. Diese Cookies erm\u00f6glichen es uns, Ihren Browser beim n\u00e4chsten Besuch wiederzuerkennen sowie Ihre Spracheinstellungen und ggf. Informationen zu Logins zu speichern.<\/p>\n<\/section>\n\n<section class=\"container content gb-block wp-block-paragraph fade-in\">\n<p class=\"hyphenate\" lang=\"de\">Sie k\u00f6nnen Ihren Browser so einstellen, dass Sie \u00fcber das Setzen von Cookies informiert werden und Cookies nur im Einzelfall erlauben, die Annahme von Cookies f\u00fcr bestimmte F\u00e4lle oder generell ausschlie\u00dfen sowie das automatische L\u00f6schen der Cookies beim Schlie\u00dfen des Browsers aktivieren. Bei der Deaktivierung von Cookies kann die Funktionalit\u00e4t dieser Webseite eingeschr\u00e4nkt sein.<\/p>\n<\/section>\n\n<section class=\"container content gb-block wp-block-paragraph fade-in\">\n<p class=\"hyphenate\" lang=\"de\">Cookies, die zur Durchf\u00fchrung des elektronischen Kommunikationsvorgangs oder zur Bereitstellung bestimmter, von Ihnen erw\u00fcnschter Funktionen (z.B. Warenkorbfunktion) erforderlich sind, werden auf Grundlage von Art. 6 Abs. 1 lit. f DSGVO gespeichert. Wir als Webseitenbetreiber haben ein berechtigtes Interesse an der Speicherung von Cookies zur technisch fehlerfreien und optimierten Bereitstellung unserer Dienste. Soweit andere Cookies (z.B. Cookies zur Analyse Ihres Surfverhaltens) gespeichert werden, werden diese in dieser Datenschutzerkl\u00e4rung gesondert behandelt.<\/p>\n<\/section>\n\n<section class=\"container content gb-block wp-block-heading fade-in\">\n<h2 class=\"wp-block-heading\" id=\"h-6-2-server-log-daten\">6.2 <strong>Server-Log-Daten<\/strong><\/h2>\n<\/section>\n\n<section class=\"container content gb-block wp-block-paragraph fade-in\">\n<p class=\"hyphenate\" lang=\"de\">Die eology GmbH bzw. unser Webseitenprovider erhebt Daten \u00fcber Zugriffe auf unsere Seite und speichert diese als \u201eServer-Logfiles\u201c ab. Folgende Daten werden so protokolliert:<\/p>\n<\/section>\n\n<section class=\"container content gb-block wp-block-list fade-in\">\n<ul class=\"wp-block-list\">\n<li>Besuchte Webseite<\/li>\n\n\n\n<li>Datum und Uhrzeit zum Zeitpunkt des Zugriffes<\/li>\n\n\n\n<li>Menge der gesendeten Daten in Byte<\/li>\n\n\n\n<li>Quelle\/Verweis, von welchem Sie auf die Seite gelangten<\/li>\n\n\n\n<li>Verwendeter Browser<\/li>\n\n\n\n<li>Verwendetes Betriebssystem<\/li>\n\n\n\n<li>Verwendete IP-Adresse (anonymisiert)<\/li>\n<\/ul>\n<\/section>\n\n<section class=\"container content gb-block wp-block-paragraph fade-in\">\n<p class=\"hyphenate\" lang=\"de\">Die erhobenen Daten dienen lediglich statistischen Auswertungen und zur Verbesserung der Webseite. Wir behalten uns allerdings vor, die Server-Logfiles nachtr\u00e4glich zu \u00fcberpr\u00fcfen, sollten konkrete Anhaltspunkte auf eine rechtswidrige Nutzung hinweisen.<\/p>\n<\/section>\n\n<section class=\"container content gb-block wp-block-heading fade-in\">\n<h2 class=\"wp-block-heading\" id=\"h-6-3-drittmodule-analysetools-werbung\">6.3 <strong>Drittmodule \/ Analysetools \/ Werbung<\/strong><\/h2>\n<\/section>\n\n<section class=\"container content gb-block wp-block-paragraph fade-in\">\n<p class=\"hyphenate\" lang=\"de\"><strong>Browser Plug-In<\/strong><br \/>Sie k\u00f6nnen die Speicherung der Cookies durch eine entsprechende Einstellung Ihrer Browser-Software verhindern; wir weisen Sie jedoch darauf hin, dass Sie in diesem Fall gegebenenfalls nicht s\u00e4mtliche Funktionen dieser Webseite vollumf\u00e4nglich werden nutzen k\u00f6nnen. Sie k\u00f6nnen dar\u00fcber hinaus die Erfassung der durch den Cookie erzeugten und auf Ihre Nutzung der Webseite bezogenen Daten (inkl. Ihrer IP-Adresse) an Google sowie die Verarbeitung dieser Daten durch Google verhindern, indem Sie das unter dem folgenden Link verf\u00fcgbare Browser-Plugin herunterladen und installieren: <a target=\"_blank\" rel=\"nofollow noopener\" href=\"https:\/\/tools.google.com\/dlpage\/gaoptout?hl=de\">https:\/\/tools.google.com\/dlpage\/gaoptout?hl=de<\/a>.<\/p>\n<\/section>\n\n<section class=\"container content gb-block wp-block-paragraph fade-in\">\n<p class=\"hyphenate\" lang=\"de\"><strong>6.3.1 Google Tag Manger<\/strong><br \/>Wir verwenden auf unserer Webseite den Google Tag Manager. Der Google Tag Manager wird von Google Ireland Limited zur Verf\u00fcgung gestellt und dient der Verwaltung von Webseite-Tags mithilfe einer Benutzeroberfl\u00e4che. Beim Google Tag Manager selbst handelt es sich um eine cookielose Domain, die keine Cookies setzt und ohne Verarbeitung von personenbezogenen Daten auskommt. Er ist zust\u00e4ndig f\u00fcr das Ausl\u00f6sen anderer Tags, welche ggf. wiederum Daten erfassen k\u00f6nnen. Auf diese Daten kann der Google Tag Manager nicht zugreifen. Haben Sie auf Domain- oder Cookie-Ebene eine Deaktivierung durchgef\u00fchrt, bleibt diese f\u00fcr alle Tracking-Tags bestehen, welche \u00fcber den Google Tag Manager implementiert wurden.<\/p>\n<\/section>\n\n<section class=\"container content gb-block wp-block-paragraph fade-in\">\n<p class=\"hyphenate\" lang=\"de\"><strong>6.3.2 Google Analytics 4<\/strong><br \/>Sofern Sie uns vorab Ihre Einwilligung erteilt haben, nutzen wir zum Zwecke der bedarfsgerechten Gestaltung und fortlaufenden Optimierung unserer Seiten Google Analytics, ein Webanalysedienst der Google Ireland Limited, Gordon House, Barrow Street, Dublin 4, Irland. im Folgenden \u201eGoogle\u201c. In diesem Zusammenhang werden pseudonymisierte Nutzungsprofile erstellt und Cookies (siehe unter 6. a Webseite) verwendet. Die durch das Cookie erzeugten Informationen \u00fcber Ihre Benutzung dieser Webseite wie<\/p>\n<\/section>\n\n<section class=\"container content gb-block wp-block-list fade-in\">\n<ul class=\"wp-block-list\">\n<li>Browser-Typ\/-Version,<\/li>\n\n\n\n<li>verwendetes Betriebssystem,<\/li>\n\n\n\n<li>Referrer-URL (die zuvor besuchte Seite),<\/li>\n\n\n\n<li>Hostname des zugreifenden Rechners (IP-Adresse),<\/li>\n\n\n\n<li>Uhrzeit der Serveranfrage,<\/li>\n<\/ul>\n<\/section>\n\n<section class=\"container content gb-block wp-block-paragraph fade-in\">\n<p class=\"hyphenate\" lang=\"de\">werden an einen Server von Google in den USA \u00fcbertragen und dort gespeichert. Die Informationen werden verwendet, um die Nutzung der Webseite auszuwerten, um Reports \u00fcber die Webseitenaktivit\u00e4ten zusammenzustellen und um weitere mit der Webseitennutzung und der Internetnutzung verbundene Dienstleistungen zu Zwecken der Marktforschung und bedarfsgerechten Gestaltung dieser Internetseiten zu erbringen. Auch werden diese Informationen gegebenenfalls an Dritte \u00fcbertragen, sofern dies gesetzlich vorgeschrieben ist oder soweit Dritte diese Daten im Auftrag verarbeiten. Es wird in keinem Fall Ihre IP-Adresse mit anderen Daten von Google zusammengef\u00fchrt. Die IP-Adressen werden anonymisiert, so dass eine Zuordnung nicht m\u00f6glich ist (IP-Masking).<\/p>\n<\/section>\n\n<section class=\"container content gb-block wp-block-paragraph fade-in\">\n<p class=\"hyphenate\" lang=\"de\">Wir m\u00f6chten darauf hinweisen, dass in den USA nicht das gleiche datenschutzrechtliche Schutzniveau gew\u00e4hrleistet werden kann, wie innerhalb der EU. Dies h\u00e4ngt insbesondere mit dem fehlenden Angemessenheitsbeschluss der EU-Kommission sowie der Rechtslage in den USA zusammen, welche den Sicherheitsbeh\u00f6rden weitreichende Zugangsbefugnisse zu personenbezogenen Daten einr\u00e4umt. Ebenso fehlen Rechtsmittel, mit denen sich EU-B\u00fcrger zur Wehr setzen k\u00f6nnen.<\/p>\n<\/section>\n\n<section class=\"container content gb-block wp-block-paragraph fade-in\">\n<p class=\"hyphenate\" lang=\"de\">Die Datenverarbeitung beruht dabei auf Ihrer Einwilligung nach Art. 6 Abs. 1 lit. a) DSGVO, die Sie uns mit Hilfe des Consent-Banners erteilen k\u00f6nnen. Diese Einwilligung k\u00f6nnen Sie dabei jederzeit widerrufen, indem Sie die Einstellungen des Consent-Banners aufrufen und entsprechend bearbeiten.<\/p>\n<\/section>\n\n<section class=\"container content gb-block wp-block-paragraph fade-in\">\n<p class=\"hyphenate\" lang=\"de\">Ferner k\u00f6nnen Sie die Installation der Cookies durch eine entsprechende Einstellung Ihrer Browser-Software verhindern; wir weisen jedoch darauf hin, dass in diesem Fall gegebenenfalls nicht s\u00e4mtliche Funktionen dieser Webseite vollumf\u00e4nglich genutzt werden k\u00f6nnen.<\/p>\n<\/section>\n\n<section class=\"container content gb-block wp-block-paragraph fade-in\">\n<p class=\"hyphenate\" lang=\"de\">Sie k\u00f6nnen dar\u00fcber hinaus die Erfassung der durch das Cookie erzeugten und auf Ihre Nutzung der Webseite bezogenen Daten (inkl. Ihrer IP-Adresse) sowie die Verarbeitung dieser Daten durch Google verhindern, indem Sie ein <strong>Browser-Add-on herunterladen und installieren<\/strong> <a target=\"_blank\" rel=\"nofollow noopener\" href=\"https:\/\/tools.google.com\/dlpage\/gaoptout?hl=de\">(https:\/\/tools.google.com\/dlpage\/gaoptout?hl=de)<\/a>.<\/p>\n<\/section>\n\n<section class=\"container content gb-block wp-block-paragraph fade-in\">\n<p class=\"hyphenate\" lang=\"de\">Weitere Informationen zum Datenschutz im Zusammenhang mit Google Analytics finden Sie etwa in der <strong>Google Analytics-Hilfe<\/strong> <a target=\"_blank\" rel=\"nofollow noopener\" href=\"https:\/\/support.google.com\/analytics\/answer\/6004245?hl=de\">(https:\/\/support.google.com\/analytics\/answer\/6004245?hl=de)<\/a>.<\/p>\n<\/section>\n\n<section class=\"container content gb-block wp-block-paragraph fade-in\">\n<p class=\"hyphenate\" lang=\"de\"><strong>6.3.3 Facebook Pixel<\/strong><br \/>Wir verwenden Facebook Pixel und andere Dienste von Meta Platforms Ireland Limited, 4 Grand Canal Square, Grand Canal Harbour, Dublin 2, Ireland, um sogenannte Custom Audiences zu erstellen, also Besuchergruppen unseres Onlineangebots zu segmentieren, Conversion-Rates zu \u00fcbermitteln und dies anschlie\u00dfend zu optimieren.<\/p>\n<\/section>\n\n<section class=\"container content gb-block wp-block-paragraph fade-in\">\n<p class=\"hyphenate\" lang=\"de\">Die Datenverarbeitung beruht dabei auf Ihrer Einwilligung nach Art. 6 Abs. 1 lit. a) DSGVO, die Sie uns mit Hilfe des Consent-Banners erteilen k\u00f6nnen. Diese Einwilligung k\u00f6nnen Sie dabei jederzeit widerrufen, indem Sie die Einstellungen des Consent-Banners aufrufen und entsprechend bearbeiten.<\/p>\n<\/section>\n\n<section class=\"container content gb-block wp-block-paragraph fade-in\">\n<p class=\"hyphenate\" lang=\"de\"><strong>6.3.4 Bing Ads<\/strong><br \/>Wir haben auf unserer Webseite Bing Ads integriert. Bing Ads ist ein Dienst von Mircosoft Corporation, um Nutzern zielgerichtet Werbung anzuzeigen. Bing Ads nutz Cookies und weiter Browser-Technologien, um Nutzerverhalten auszuwerten und Nutzer wiederzuerkennen.<\/p>\n<\/section>\n\n<section class=\"container content gb-block wp-block-paragraph fade-in\">\n<p class=\"hyphenate\" lang=\"de\">Bing Ads sammelt Informationen \u00fcber das Besucherverhalten auf verschiedenen Webseiten. Diese Informationen werden verwendet, um die Relevanz der Werbung zu optimieren. Des Weiteren liefert Bing Ads gezielt Werbung auf Grundlage von Verhaltensprofilen und geografischer Lage. Dem Anbieter werden Ihre IP-Adresse und weitere Identifikationsmerkmale wie Ihr User-Agent \u00fcbermittelt.<\/p>\n<\/section>\n\n<section class=\"container content gb-block wp-block-paragraph fade-in\">\n<p class=\"hyphenate\" lang=\"de\">Die Weitergabe Ihrer Daten erfolgt in diesem Fall an den Betreiber von Bing Ads, die Microsoft Corporation, One Microsoft Way Redmont, WA 98052-6399, United States.<\/p>\n<\/section>\n\n<section class=\"container content gb-block wp-block-paragraph fade-in\">\n<p class=\"hyphenate\" lang=\"de\">Die Datenverarbeitung beruht dabei auf Ihrer Einwilligung nach Art. 6 Abs. 1 lit. a) DSGVO, die Sie uns mit Hilfe des Consent-Banners erteilen k\u00f6nnen. Diese Einwilligung k\u00f6nnen Sie dabei jederzeit widerrufen, indem Sie die Einstellungen des Consent-Banners aufrufen und entsprechend bearbeiten.<\/p>\n<\/section>\n\n<section class=\"container content gb-block wp-block-paragraph fade-in\">\n<p class=\"hyphenate\" lang=\"de\"><strong>6.3.5 Microsoft Clarity<\/strong><br \/>Wir haben auf unserer Webseite Clarity integriert. Clarity ist ein Dienst der Microsoft Corporation und bietet Optimierungswerkzeuge, die das Verhalten und das Feedback von Benutzern unserer Webseite durch Analyse- und Feedback-Tools analysieren.<\/p>\n<\/section>\n\n<section class=\"container content gb-block wp-block-paragraph fade-in\">\n<p class=\"hyphenate\" lang=\"de\">Clarity nutzt Cookies und weitere Browser-Technologien, um Nutzerverhalten auszuwerten und Nutzer wiederzuerkennen.<\/p>\n<\/section>\n\n<section class=\"container content gb-block wp-block-paragraph fade-in\">\n<p class=\"hyphenate\" lang=\"de\">Diese Informationen werden unter anderem genutzt, um Berichte \u00fcber die Aktivit\u00e4t der Webseite zusammenzustellen und Besucherdaten statistisch auszuwerten. Des Weiteren zeichnet Clarity Klicks, Mausbewegungen und Scrollh\u00f6hen auf, um sogenannte Heatmaps und Session-Replays zu erstellen.<\/p>\n<\/section>\n\n<section class=\"container content gb-block wp-block-paragraph fade-in\">\n<p class=\"hyphenate\" lang=\"de\">Die Weitergabe Ihrer Daten erfolgt in diesem Fall an den Betreiber von Clarity, die Microsoft Corporation, One Microsoft Way Redmond, WA 98052-6399, United States.<\/p>\n<\/section>\n\n<section class=\"container content gb-block wp-block-paragraph fade-in\">\n<p class=\"hyphenate\" lang=\"de\">Der Einsatz von Clarity erfolgt auf Grundlage ihrer Einwilligung gem\u00e4\u00df Art. 6 Abs. 1 lit. a DSGVO und \u00a7 25 Abs. 1 TTDSG.<\/p>\n<\/section>\n\n<section class=\"container content gb-block wp-block-paragraph fade-in\">\n<p class=\"hyphenate\" lang=\"de\"><strong>6.3.6 LinkedIn Insight-Tag<\/strong><br \/>Wir verwenden LinkedIn Insight-Tag von LinkedIn Corporation, Sunnyvale, California, US, um Zielgruppen zu erstellen, Besuchergruppen unseres Onlineangebotes zu segmentieren, Conversion-Rates zu ermitteln und diese anschlie\u00dfend zu optimieren. Dies geschieht insbesondere dann, wenn Sie mit Werbeanzeigen, die wir mit LinkedIn Corporation geschaltet haben, interagieren. Dazu bietet LinkedIn Corporation ein Retargeting f\u00fcr Webseite-Besucher an, um zielgerichtete Werbung au\u00dferhalb unserer Webseite anzuzeigen.<\/p>\n<\/section>\n\n<section class=\"container content gb-block wp-block-paragraph fade-in\">\n<p class=\"hyphenate\" lang=\"de\">LinkedIn Insight-Tag erfasst Daten zu den Besuchen auf unserer Webseite, einschlie\u00dflich URL, Referrer-URL, IP-Adresse, Ger\u00e4te- und Browsereigenschaften (User Agent) sowie Zeitstempel. Diese Daten werden benutzt, um anonymisierte Berichte \u00fcber die Webseiten-Zielgruppe und die Anzeigen-Performance darzustellen.<\/p>\n<\/section>\n\n<section class=\"container content gb-block wp-block-paragraph fade-in\">\n<p class=\"hyphenate\" lang=\"de\">Der Einsatz von LinkedIn Insight-Tag erfolgt auf Grundlage Ihrer Einwilligung gem\u00e4\u00df Art. 6 Abs. 1 lit. a. DSGVO und \u00a7 25 Abs. 1 TTDSG.<\/p>\n<\/section>\n\n<section class=\"container content gb-block wp-block-paragraph fade-in\">\n<p class=\"hyphenate\" lang=\"de\"><strong>6.3.7 HubSpot Forms<\/strong><br \/>Wir haben auf unserer Webseite HubSpot Forms integriert. HubSpot Forms ist ein Dienst der HubSpot, Inc. und bietet Marketing-Automatisierungssoftware f\u00fcr Marketingdienstleistungen und -produkte, einschlie\u00dflich SEO und Content-Erstellung, Lead Management, E-Mail-Marketing und Webanalyse an.<\/p>\n<\/section>\n\n<section class=\"container content gb-block wp-block-paragraph fade-in\">\n<p class=\"hyphenate\" lang=\"de\">HubSpot Forms wird verwendet, um in Formularen eingegebene Daten z.B. bei Kontaktaufnahme per Kontaktformular zu speichern. Die angegeben Daten k\u00f6nnen in unserem Customer-Relationship-Management System (CRM-System) gespeichert werden.<\/p>\n<\/section>\n\n<section class=\"container content gb-block wp-block-paragraph fade-in\">\n<p class=\"hyphenate\" lang=\"de\">Die Weitergabe Ihrer Daten erfolgt in diesem Fall an den Betreiber von HubSpot Forms, die HubSpot, Inc., Cambridge, Massachusetts, US.<\/p>\n<\/section>\n\n<section class=\"container content gb-block wp-block-paragraph fade-in\">\n<p class=\"hyphenate\" lang=\"de\">Wir verarbeiten Ihre Daten mit Hilfe von HubSpot Forms zum Zweck der Bearbeitung der Kontaktanfrage und deren Abwicklung gem. Art. 6 Abs. 1 lit. b. DSGVO.<\/p>\n<\/section>\n\n<section class=\"container content gb-block wp-block-paragraph fade-in\">\n<p class=\"hyphenate\" lang=\"de\">Die Nutzung von HubSpot Forms und den integrierten Services unterliegt unserem berechtigten Interesse nach Art. 6 Abs. 1 lit. f. DSGVO, die Optimierung unserer Marketing-Ma\u00dfnahmen und die Verbesserung unserer Service-Qualit\u00e4t auf der Webseite.<\/p>\n<\/section>\n\n<section class=\"container content gb-block wp-block-paragraph fade-in\">\n<p class=\"hyphenate\" lang=\"de\"><strong>6.3.8 Outbrain<\/strong><br \/>Wir haben auf unserer Webseite Outbrain integriert. Outbrain ist ein Dienst von Outbrain Inc., um Nutzern zielgerichtet Werbung anzuzeigen. Outbrain nutzt Cookies und weitere Browser-Technologien, um Nutzerverhalten auszuwerten und Nutzer wiederzuerkennen.<\/p>\n<\/section>\n\n<section class=\"container content gb-block wp-block-paragraph fade-in\">\n<p class=\"hyphenate\" lang=\"de\">Outbrain sammelt Informationen \u00fcber das Besucherverhalten auf verschiedenen Webseiten. Diese Informationen werden verwendet, um die Relevanz der Werbung zu optimieren. Des Weiteren liefert Outbrain gezielt Werbung auf der Grundlage von Verhaltensprofilen und geografischer Lage. Dem Anbieter werden Ihre IP-Adresse und weitere Identifikationsmerkmale wie Ihr User-Agent \u00fcbermittelt.<\/p>\n<\/section>\n\n<section class=\"container content gb-block wp-block-paragraph fade-in\">\n<p class=\"hyphenate\" lang=\"de\">Die Weitergabe Ihrer Daten erfolgt in diesem Fall an den Betreiber von Outbrain, die Outbrain Inc., New York, New York, US.<\/p>\n<\/section>\n\n<section class=\"container content gb-block wp-block-paragraph fade-in\">\n<p class=\"hyphenate\" lang=\"de\">Der Einsatz von Outbrain erfolgt auf Grundlage Ihrer Einwilligung gem\u00e4\u00df Art. 6 Abs. 1 lit. a. DSGVO und \u00a7 25 Abs. 1 TTDSG.<\/p>\n<\/section>\n\n<section class=\"container content gb-block wp-block-paragraph fade-in\">\n<p class=\"hyphenate\" lang=\"de\"><strong>6.3.9 Borlabs Cookie<\/strong><br \/>Diese Website verwendet das Consent-Tool von Borlabs Cookie, um Ihre Einwilligung zur Speicherung bestimmter Cookies oder dem Einsatz von bestimmten Diensten einzuholen sowie den rechtskonformen Einsatz besagter Technologien nachweisen zu k\u00f6nnen. Anbieter ist die Borlabs GmbH, R\u00fcbenkamp 32, 22305 Hamburg, Deutschland.<\/p>\n<\/section>\n\n<section class=\"container content gb-block wp-block-paragraph fade-in\">\n<p class=\"hyphenate\" lang=\"de\">Beim Betreten unserer Website speichert Borlabs ein gleichnamiges Cookie in Ihrem Browser, das den Status Ihrer Einwilligung (erteilt, abgelehnt, widerrufen) festh\u00e4lt. Diese Daten werden nicht an den Anbieter weitergegeben.<\/p>\n<\/section>\n\n<section class=\"container content gb-block wp-block-paragraph fade-in\">\n<p class=\"hyphenate\" lang=\"de\">Die erfassten Daten werden solange gespeichert, bis Sie uns zur L\u00f6schung auffordern bzw. das Cookie selbst aus Ihrem Browser l\u00f6schen oder der Zweck f\u00fcr die Datenspeicherung entf\u00e4llt. Zwingende gesetzliche Aufbewahrungsfristen bleiben unber\u00fchrt. Details zur Datenverarbeitung von Borlabs Cookie finden Sie unter https:\/\/de.borlabs.io\/kb\/welche-daten-speichert-borlabs-cookie\/.<\/p>\n<\/section>\n\n<section class=\"container content gb-block wp-block-paragraph fade-in\">\n<p class=\"hyphenate\" lang=\"de\">Der Zweck des Consent-Tools ist es, die gesetzlich vorgeschriebenen Einwilligungen f\u00fcr den Einsatz von Cookies und anderen einwilligungspflichtigen Diensten einzuholen. Rechtsgrundlage hierf\u00fcr ist Art. 6 Abs. 1 lit. c DSGVO.<\/p>\n<\/section>\n\n<section class=\"container content gb-block wp-block-paragraph fade-in\">\n<p class=\"hyphenate\" lang=\"de\"><strong>6.3.10 Facebook-Verlinkung<\/strong><br \/>Wir haben auf dieser Internetseite eine Verlinkung zur Webplattform Facebook integriert. Facebook erm\u00f6glicht den Nutzern des sozialen Netzwerkes unter anderem die Erstellung von privaten Profilen, den Upload von Fotos und eine Vernetzung \u00fcber Freundschaftsanfragen.<\/p>\n<\/section>\n\n<section class=\"container content gb-block wp-block-paragraph fade-in\">\n<p class=\"hyphenate\" lang=\"de\">Betreibergesellschaft von Facebook ist die Meta Platforms Inc., 1 Hacker Way, Menlo Park, CA 94025, USA. F\u00fcr die Verarbeitung personenbezogener Daten Verantwortlicher ist, wenn eine betroffene Person au\u00dferhalb der USA oder Kanada lebt, die Meta Platforms Ireland Ltd., 4 Grand Canal Square, Grand Canal Harbour, Dublin 2, Ireland.<\/p>\n<\/section>\n\n<section class=\"container content gb-block wp-block-paragraph fade-in\">\n<p class=\"hyphenate\" lang=\"de\">Sobald Sie die Facebook-Verlinkung nutzen, wird Ihr Browser von unserem Webangebot auf die Facebook-Plattform weitergeleitet. Facebook merkt sich in diesem Zusammenhang, von welcher unserer Unterseiten Sie zu unserer Facebook-Fanpage gewechselt sind. Sofern Sie gleichzeitig in Facebook eingeloggt sind, wird Facebook Ihr Profil mit unserer Unternehmenswebseite verkn\u00fcpfen und sich dies merken. Dies findet auch dann statt, sofern Sie in Facebook eingeloggt sind, ohne unsere Webseite \u00fcber einen Link zu verlassen.<\/p>\n<\/section>\n\n<section class=\"container content gb-block wp-block-paragraph fade-in\">\n<p class=\"hyphenate\" lang=\"de\">Ist eine derartige \u00dcbermittlung dieser Informationen an Facebook von Ihnen nicht gewollt, k\u00f6nnen Sie die \u00dcbermittlung dadurch verhindern, dass sie sich vor einem Aufruf unserer Internetseite aus ihrem Facebook-Account ausloggen.<\/p>\n<\/section>\n\n<section class=\"container content gb-block wp-block-paragraph fade-in\">\n<p class=\"hyphenate\" lang=\"de\">Eine Gesamt\u00fcbersicht \u00fcber alle Facebook-Plug-Ins kann unter <a target=\"_blank\" rel=\"nofollow noopener\" href=\"https:\/\/developers.facebook.com\/docs\/plugins\/?locale=de_DE\">https:\/\/developers.facebook.com\/docs\/plugins\/?locale=de_DE<\/a> abgerufen werden. Im Rahmen dieses technischen Verfahrens erh\u00e4lt Facebook Kenntnis dar\u00fcber, welche konkrete Unterseite unserer Webseite durch Sie besucht wird.<\/p>\n<\/section>\n\n<section class=\"container content gb-block wp-block-paragraph fade-in\">\n<p class=\"hyphenate\" lang=\"de\">Die von Facebook ver\u00f6ffentlichte Datenrichtlinie, die unter <a target=\"_blank\" rel=\"nofollow noopener\" href=\"https:\/\/de-de.facebook.com\/about\/privacy\/\">https:\/\/de-de.facebook.com\/about\/privacy\/<\/a> abrufbar ist, gibt Aufschluss \u00fcber die Erhebung, Verarbeitung und Nutzung personenbezogener Daten durch Facebook. Ferner wird dort erl\u00e4utert, welche Einstellungsm\u00f6glichkeiten Facebook zum Schutz ihrer Privatsph\u00e4re bietet. Zudem sind unterschiedliche Applikationen erh\u00e4ltlich, die es erm\u00f6glichen, eine Daten\u00fcbermittlung an Facebook zu unterdr\u00fccken. Solche Applikationen k\u00f6nnen durch Sie genutzt werden, um eine Daten\u00fcbermittlung an Facebook zu unterdr\u00fccken.<\/p>\n<\/section>\n\n<section class=\"container content gb-block wp-block-paragraph fade-in\">\n<p class=\"hyphenate\" lang=\"de\">Facebook erhebt sogenannte Insights-Daten von jedem Facebook-Nutzer, diese Daten nutzen wir in keiner Weise f\u00fcr irgendwelche Analysen oder Auswertungen. Leider k\u00f6nnen wir die Erhebung dieser Daten auf Seitens Facebook nicht verhindern.<\/p>\n<\/section>\n\n<section class=\"container content gb-block wp-block-paragraph fade-in\">\n<p class=\"hyphenate\" lang=\"de\">Die Verwendung der Facebook-Verlinkung erfolgt auf Grundlage von Art. 6 Abs. 1 lit. f DSGVO. Wir haben ein berechtigtes Interesse an einer m\u00f6glichst umfangreichen Sichtbarkeit in den Sozialen Medien.<\/p>\n<\/section>\n\n<section class=\"container content gb-block wp-block-paragraph fade-in\">\n<p class=\"hyphenate\" lang=\"de\"><strong>6.3.11 Xing- und Kununu-Verlinkung<\/strong><br \/>Wir haben auf dieser Internetseite eine Verlinkung zur Karriereplattform Xing integriert. Xing ist ein internetbasiertes soziales Netzwerk, das die Verbindung der Nutzer mit bestehenden Gesch\u00e4ftskontakten sowie das Kn\u00fcpfen von neuen Businesskontakten erm\u00f6glicht. Die einzelnen Nutzer k\u00f6nnen bei Xing ein pers\u00f6nliches Profil von sich anlegen. Unternehmen k\u00f6nnen beispielsweise Unternehmensprofile erstellen oder Stellenangebote auf Xing ver\u00f6ffentlichen.<\/p>\n<\/section>\n\n<section class=\"container content gb-block wp-block-paragraph fade-in\">\n<p class=\"hyphenate\" lang=\"de\">Auch haben wir auf dieser Internetseite eine Verlinkung zur Online-Plattform Kununu (im Folgenden Xing) integriert. Kununu ist eine Online-Plattform, welche es Arbeitnehmern erm\u00f6glicht ihren Arbeitgeber zu bewerten.<\/p>\n<\/section>\n\n<section class=\"container content gb-block wp-block-paragraph fade-in\">\n<p class=\"hyphenate\" lang=\"de\">Betreibergesellschaft von Xing ist die New Work SE, Dammtorstra\u00dfe 30, 20354 Hamburg, Deutschland. Im Falle der Online-Plattform Kununu ist dies die NEW WORK AUSTRIA XING kununu onlyfy GmbH, Schottenring 2 \u2013 6, 1010 Wien, \u00d6sterreich.<\/p>\n<\/section>\n\n<section class=\"container content gb-block wp-block-paragraph fade-in\">\n<p class=\"hyphenate\" lang=\"de\">Durch jeden Aufruf einer der Einzelseiten dieser Internetseite, die durch uns betrieben wird und auf welcher eine Xing-Komponente (Xing-Plug-In) integriert wurde, wird der Internetbrowser auf dem informationstechnologischen System von Ihnen automatisch durch die jeweilige Xing-Komponente veranlasst, eine Darstellung der entsprechenden Xing-Komponente von Xing herunterzuladen.<\/p>\n<\/section>\n\n<section class=\"container content gb-block wp-block-paragraph fade-in\">\n<p class=\"hyphenate\" lang=\"de\">Weitere Informationen zum den Xing-Plug-Ins k\u00f6nnen unter <a target=\"_blank\" rel=\"nofollow noopener\" href=\"https:\/\/dev.xing.com\/plugins\">https:\/\/dev.xing.com\/plugins<\/a> abgerufen werden. Im Rahmen dieses technischen Verfahrens erh\u00e4lt Xing Kenntnis dar\u00fcber, welche konkrete Unterseite unserer Internetseite durch Sie besucht wurde.<\/p>\n<\/section>\n\n<section class=\"container content gb-block wp-block-paragraph fade-in\">\n<p class=\"hyphenate\" lang=\"de\">Sofern Sie gleichzeitig bei Xing eingeloggt sind, erkennt Xing mit jedem Wechsel auf die Xing-Seite, von welcher konkreten Unterseite unserer Internetseite Sie den Wechsel durchgef\u00fchrt haben. Diese Informationen werden durch die Xing gesammelt und ihrem jeweiligen Xing-Account zugeordnet.<\/p>\n<\/section>\n\n<section class=\"container content gb-block wp-block-paragraph fade-in\">\n<p class=\"hyphenate\" lang=\"de\">Ist eine derartige \u00dcbermittlung dieser Informationen an Xing durch Sie nicht gewollt, k\u00f6nnen Sie die \u00dcbermittlung dadurch verhindern, dass sie sich vor einem Aufruf unserer Internetseite aus ihrem Xing-Account ausloggen.<\/p>\n<\/section>\n\n<section class=\"container content gb-block wp-block-paragraph fade-in\">\n<p class=\"hyphenate\" lang=\"de\">Die von Xing ver\u00f6ffentlichten Datenschutzbestimmungen, die unter <a target=\"_blank\" rel=\"nofollow noopener\" href=\"https:\/\/www.xing.com\/privacy\">https:\/\/www.xing.com\/privacy<\/a> abrufbar sind, geben Aufschluss \u00fcber die Erhebung, Verarbeitung und Nutzung ihrer personenbezogenen Daten durch Xing. Ferner hat Xing unter <a target=\"_blank\" rel=\"nofollow noopener\" href=\"https:\/\/www.xing.com\/app\/share?op=data_protection\">https:\/\/www.xing.com\/app\/share?op=data_protection<\/a> &nbsp;Datenschutzhinweise f\u00fcr den XING-Share-Button ver\u00f6ffentlicht.<\/p>\n<\/section>\n\n<section class=\"container content gb-block wp-block-paragraph fade-in\">\n<p class=\"hyphenate\" lang=\"de\">Die Verwendung der Xing-Verlinkung erfolgt auf Grundlage von Art. 6 Abs. 1 lit. f DSGVO. Wir haben ein berechtigtes Interesse an einer m\u00f6glichst umfangreichen Sichtbarkeit unseres Unternehmens in den sozialen Medien und Business-Plattformen.<\/p>\n<\/section>\n\n<section class=\"container content gb-block wp-block-paragraph fade-in\">\n<p class=\"hyphenate\" lang=\"de\"><strong>6.3.12 LinkedIn-Verlinkung<\/strong><br \/>Wir haben auf dieser Internetseite eine Verlinkung der LinkedIn Corporation integriert. LinkedIn ist ein Internetbasiertes soziales Netzwerk, das eine Konnektierung der Nutzer mit bestehenden Gesch\u00e4ftskontakten sowie das Kn\u00fcpfen von neuen Businesskontakten erm\u00f6glicht.<\/p>\n<\/section>\n\n<section class=\"container content gb-block wp-block-paragraph fade-in\">\n<p class=\"hyphenate\" lang=\"de\">Betreibergesellschaft von LinkedIn ist die LinkedIn Corporation, 2029 Stierlin Court Mountain View, CA 94043, USA. F\u00fcr Datenschutzangelegenheiten au\u00dferhalb der USA ist LinkedIn Ireland, Privacy Policy Issues, Wilton Plaza, Wilton Place, Dublin 2, Ireland, zust\u00e4ndig.<\/p>\n<\/section>\n\n<section class=\"container content gb-block wp-block-paragraph fade-in\">\n<p class=\"hyphenate\" lang=\"de\">Bei jedem einzelnen Abruf unserer Internetseite, die mit einem LinkedIn-Link ausgestattet ist, veranlasst dieser Link, sobald er bet\u00e4tigt wird, dass Ihr Browser Informationen wie (IP-Adresse und Browserstring) an LinkedIn \u00fcbertr\u00e4gt. Weitere Informationen zu den LinkedIn-Plug-Ins k\u00f6nnen unter <a target=\"_blank\" rel=\"nofollow noopener\" href=\"https:\/\/developer.linkedin.com\/plugins\">https:\/\/developer.linkedin.com\/plugins<\/a> abgerufen werden. Im Rahmen dieses technischen Verfahrens erh\u00e4lt LinkedIn Kenntnis dar\u00fcber, welche konkrete Unterseite unserer Internetseite durch Sie besucht wird.<\/p>\n<\/section>\n\n<section class=\"container content gb-block wp-block-paragraph fade-in\">\n<p class=\"hyphenate\" lang=\"de\">Sofern Sie gleichzeitig bei LinkedIn eingeloggt sind, erkennt LinkedIn mit jedem Aufruf unserer Internetseite durch Sie und w\u00e4hrend der gesamten Dauer des jeweiligen Aufenthaltes auf unserer Internetseite, welche konkrete Unterseite unserer Internetseite Sie besuchen. Diese Informationen werden durch die LinkedIn gesammelt und ihrem jeweiligen LinkedIn-Account zugeordnet. Bet\u00e4tigen Sie einen auf unserer Internetseite integrierten LinkedIn-Button, ordnet LinkedIn diese Information ihrem pers\u00f6nlichen LinkedIn-Benutzerkonto zu und speichert diese personenbezogenen Daten.<\/p>\n<\/section>\n\n<section class=\"container content gb-block wp-block-paragraph fade-in\">\n<p class=\"hyphenate\" lang=\"de\">LinkedIn erh\u00e4lt immer dann eine Information dar\u00fcber, dass Sie unsere Internetseite besucht haben, wenn Sie zum Zeitpunkt des Aufrufes unserer Internetseite gleichzeitig bei LinkedIn eingeloggt sind; dies findet aber nur statt, wenn Sie den LinkedIn-Link angeklickt haben. Ist eine derartige \u00dcbermittlung dieser Informationen an LinkedIn von Ihnen nicht gewollt, k\u00f6nnen Sie die \u00dcbermittlung dadurch verhindern, dass sie sich vor einem Aufruf unserer Internetseite aus ihrem LinkedIn-Account ausloggen und\/oder der Verlinkung zu LinkedIn gar nicht erst folgen.<\/p>\n<\/section>\n\n<section class=\"container content gb-block wp-block-paragraph fade-in\">\n<p class=\"hyphenate\" lang=\"de\">LinkedIn bietet unter <a target=\"_blank\" rel=\"nofollow noopener\" href=\"https:\/\/www.linkedin.com\/psettings\/guest-controls\">https:\/\/www.linkedin.com\/psettings\/guest-controls<\/a> die M\u00f6glichkeit, E-Mail-Nachrichten, SMS-Nachrichten und zielgerichtete Anzeigen abzubestellen sowie Anzeigen-Einstellungen zu verwalten. LinkedIn nutzt ferner Partner wie Quantcast, Google Analytics, BlueKai, DoubleClick, Nielsen, Comscore, Eloqua und Lotame, die Cookies setzen k\u00f6nnen. Solche Cookies k\u00f6nnen unter <a target=\"_blank\" rel=\"nofollow noopener\" href=\"https:\/\/www.linkedin.com\/legal\/cookie-policy\">https:\/\/www.linkedin.com\/legal\/cookie-policy<\/a> abgelehnt werden.<\/p>\n<\/section>\n\n<section class=\"container content gb-block wp-block-paragraph fade-in\">\n<p class=\"hyphenate\" lang=\"de\">Die geltenden Datenschutzbestimmungen von LinkedIn sind unter <a target=\"_blank\" rel=\"nofollow noopener\" href=\"https:\/\/www.linkedin.com\/legal\/privacy-policy\">https:\/\/www.linkedin.com\/legal\/privacy-policy<\/a> abrufbar. Die Cookie-Richtlinie von LinkedIn ist unter <a target=\"_blank\" rel=\"nofollow noopener\" href=\"https:\/\/www.linkedin.com\/legal\/cookie-policy\">https:\/\/www.linkedin.com\/legal\/cookie-policy<\/a> abrufbar.<\/p>\n<\/section>\n\n<section class=\"container content gb-block wp-block-paragraph fade-in\">\n<p class=\"hyphenate\" lang=\"de\"><strong>6.3.13 Twitter Verlinkung<\/strong><br \/>Wir haben auf dieser Internetseite eine Verlinkung Social Media Plattform Twitter integriert. Twitter ist ein Mikrobloggingdienst des Unternehmens Twitter Inc. Auf Twitter k\u00f6nnen Nutzer telegrammartige Kurznachrichten oder Kommentare verbreiten.<\/p>\n<\/section>\n\n<section class=\"container content gb-block wp-block-paragraph fade-in\">\n<p class=\"hyphenate\" lang=\"de\">Betreibergesellschaft der Dienste von Twitter ist die Twitter International Company, One Cumberland Place, Fenian Street, Dublin 2, Ireland.<\/p>\n<\/section>\n\n<section class=\"container content gb-block wp-block-paragraph fade-in\">\n<p class=\"hyphenate\" lang=\"de\">Durch jeden Aufruf einer der Einzelseiten unserer Webseite und auf welcher eine Twitter-Komponente (Twitter-Button) integriert wurde, wird der Internetbrowser auf Ihrem IT-System automatisch durch die jeweilige Twitter-Komponente veranlasst, eine Darstellung der entsprechenden Komponente von Twitter herunterzuladen.<\/p>\n<\/section>\n\n<section class=\"container content gb-block wp-block-paragraph fade-in\">\n<p class=\"hyphenate\" lang=\"de\">Im Rahmen dieses technischen Verfahrens erh\u00e4lt Twitter Kenntnis dar\u00fcber, welche konkrete Unterseite unserer Internetseite durch Sie besucht wird. Sofern Sie gleichzeitig bei Twitter eingeloggt sind, erkennt Twitter mit jedem Aufruf unserer Internetseite durch Sie und w\u00e4hrend der gesamten Dauer des jeweiligen Aufenthaltes aus unserer Internetseite, welche konkrete Unterseite sie besuchen. Diese Informationen werden durch die Twitter Komponente gesammelt und durch Twitter Ihrem jeweiligen Twitter-Account zugeordnet.<\/p>\n<\/section>\n\n<section class=\"container content gb-block wp-block-paragraph fade-in\">\n<p class=\"hyphenate\" lang=\"de\">Bet\u00e4tigen Sie einen der auf unserer Internetseite integrierten Instagram-Buttons, werden die damit \u00fcbertragenen Daten und Informationen ihrem pers\u00f6nlichen Instagram-Benutzerkonto zugeordnet und von Instagram gespeichert und verarbeitet. Instagram erh\u00e4lt \u00fcber die Instagram-Komponente immer dann eine Information dar\u00fcber, dass Sie unsere Internetseite besucht haben, wenn Sie zum Zeitpunkt des Aufrufs unserer Internetseite gleichzeitig bei Instagram eingeloggt sind; dies findet unabh\u00e4ngig davon statt, ob Sie die Instagram-Komponente anklicken oder nicht.<\/p>\n<\/section>\n\n<section class=\"container content gb-block wp-block-paragraph fade-in\">\n<p class=\"hyphenate\" lang=\"de\">Ist eine derartige \u00dcbermittlung dieser Informationen an Twitter von Ihnen nicht gewollt, k\u00f6nnen Sie die \u00dcbermittlung dadurch verhindern, dass sie sich vor einem Aufruf unserer Internetseite aus ihrem Twitter-Account ausloggen. Weiter Informationen k\u00f6nnen unter <a target=\"_blank\" rel=\"nofollow noopener\" href=\"https:\/\/twitter.com\/de\/privacy\">https:\/\/twitter.com\/de\/privacy<\/a> abgerufen werden.<\/p>\n<\/section>\n\n<section class=\"container content gb-block wp-block-paragraph fade-in\">\n<p class=\"hyphenate\" lang=\"de\">Die Verwendung des Twitter-Plugins erfolgt auf Grundlage von Art. 6 Abs. 1 lit. f DSGVO. Der Webseitenbetreiber hat ein berechtigtes Interesse an einer m\u00f6glichst umfangreichen Sichtbarkeit in den Sozialen Medien.<\/p>\n<\/section>\n\n<section class=\"container content gb-block wp-block-paragraph fade-in\">\n<p class=\"hyphenate\" lang=\"de\"><strong>6.3.14 Instagram-Verlinkung<\/strong><br \/>Wir haben auf dieser Internetseite eine Verlinkung zu dem Dienst Instagram integriert. Instagram ist ein Dienst, der als audiovisuelle Plattform zu qualifizieren ist und den Nutzern das Teilen von Fotos und Videos und zudem eine Weiterverbreitung solcher Daten in anderen sozialen Netzwerken erm\u00f6glicht.<\/p>\n<\/section>\n\n<section class=\"container content gb-block wp-block-paragraph fade-in\">\n<p class=\"hyphenate\" lang=\"de\">Betreibergesellschaft der Dienste von Instagram ist die Meta Ireland Ltd., 4 Grand Canal Square, Grand Canal Harbour, Dublin 2 Ireland.<\/p>\n<\/section>\n\n<section class=\"container content gb-block wp-block-paragraph fade-in\">\n<p class=\"hyphenate\" lang=\"de\">Durch jeden Aufruf einer der Einzelseiten unserer Webseite und auf welcher eine Instagram-Komponente (Insta-Button) integriert wurde, wird der Internetbrowser auf Ihrem IT-System automatisch durch die jeweilige Instagram-Komponente veranlasst, eine Darstellung der entsprechenden Komponente von Instagram herunterzuladen.<\/p>\n<\/section>\n\n<section class=\"container content gb-block wp-block-paragraph fade-in\">\n<p class=\"hyphenate\" lang=\"de\">&nbsp;Im Rahmen dieses technischen Verfahrens erh\u00e4lt Instagram Kenntnis dar\u00fcber, welche konkrete Unterseite unserer Internetseite durch Sie besucht wird. Sofern Sie gleichzeitig bei Instagram eingeloggt sind, erkennt Instagram mit jedem Aufruf unserer Internetseite durch Sie und w\u00e4hrend der gesamten Dauer des jeweiligen Aufenthaltes auf unserer Internetseite, welche konkrete Unterseite Sie besuchen. Diese Informationen werden durch die Instagram-Komponente gesammelt und durch Instagram Ihrem jeweiligen Instagram-Account zugeordnet.<\/p>\n<\/section>\n\n<section class=\"container content gb-block wp-block-paragraph fade-in\">\n<p class=\"hyphenate\" lang=\"de\">Bet\u00e4tigen Sie einen der auf unserer Internetseite integrierten Instagram-Buttons, werden die damit \u00fcbertragenen Daten und Informationen ihrem pers\u00f6nlichen Instagram-Benutzerkonto zugeordnet und von Instagram gespeichert und verarbeitet. Instagram erh\u00e4lt \u00fcber die Instagram-Komponente immer dann eine Information dar\u00fcber, dass Sie unsere Internetseite besucht haben, wenn Sie zum Zeitpunkt des Aufrufs unserer Internetseite gleichzeitig bei Instagram eingeloggt sind; dies findet unabh\u00e4ngig davon statt, ob Sie die Instagram-Komponente anklicken oder nicht.<\/p>\n<\/section>\n\n<section class=\"container content gb-block wp-block-paragraph fade-in\">\n<p class=\"hyphenate\" lang=\"de\">Ist eine derartige \u00dcbermittlung dieser Informationen an Instagram von Ihnen nicht gewollt, k\u00f6nnen Sie die \u00dcbermittlung dadurch verhindern, dass sie sich vor einem Aufruf unserer Internetseite aus ihrem Instagram-Account ausloggen. Weitere Informationen und die geltenden Datenschutzbestimmungen von Instagram k\u00f6nnen unter <a target=\"_blank\" rel=\"nofollow noopener\" href=\"https:\/\/help.instagram.com\/155833707900388\">https:\/\/help.instagram.com\/155833707900388<\/a> und <a target=\"_blank\" rel=\"nofollow noopener\" href=\"https:\/\/www.instagram.com\/about\/legal\/privacy\/\">https:\/\/www.instagram.com\/about\/legal\/privacy\/<\/a> abgerufen werden.<\/p>\n<\/section>\n\n<section class=\"container content gb-block wp-block-paragraph fade-in\">\n<p class=\"hyphenate\" lang=\"de\">Die Verwendung des Instagram-Plugins erfolgt auf Grundlage von Art. 6 Abs. 1 lit. f DSGVO. Der Websitebetreiber hat ein berechtigtes Interesse an einer m\u00f6glichst umfangreichen Sichtbarkeit in den Sozialen Medien.<\/p>\n<\/section>\n\n<section class=\"container content gb-block wp-block-paragraph fade-in\">\n<p class=\"hyphenate\" lang=\"de\"><strong>6.3.15 HubSpot CDN<\/strong><br \/>Wir verwenden zur ordnungsgem\u00e4\u00dfen Bereitstellung der Inhalte unserer Webseite HubSpot CDN. HubSpot CDN ist ein Dienst der HubSpot, Inc., welcher auf unserer Webseite als Content Delivery Network (CDN) fungiert, um die Funktionalit\u00e4t weiterer Dienste der HubSpot, Inc. zu gew\u00e4hrleisten. F\u00fcr besagte Dienste finden Sie einen separaten Abschnitt in dieser Datenschutzerkl\u00e4rung. In diesem Abschnitt geht es lediglich um die Verwendung des CDN.<\/p>\n<\/section>\n\n<section class=\"container content gb-block wp-block-paragraph fade-in\">\n<p class=\"hyphenate\" lang=\"de\">Ein CDN tr\u00e4gt dazu bei, Inhalte unseres Onlineangebotes, insbesondere Dateien wie Grafiken oder Skripte, mit Hilfe regional oder international verteilter Server schneller bereitzustellen. Wenn Sie auf diese Inhalte zugreifen, stellen Sie eine Verbindung zu Servern der HubSpot, Inc., Cambridge, Massachusetts, US her, wobei Ihre IP-Adresse und ggf. Browserdaten wie Ihr User-Agent \u00fcbermittelt werden. Diese Daten werden ausschlie\u00dflich zu den oben genannten Zwecken und zur Aufrechterhaltung der Sicherheit und Funktionalit\u00e4t von HubSpot CDN verarbeitet.<\/p>\n<\/section>\n\n<section class=\"container content gb-block wp-block-paragraph fade-in\">\n<p class=\"hyphenate\" lang=\"de\">Die Nutzung des Content Delivery Networks erfolgt auf Grundlage unserer berechtigten Interessen, d.h. Interesse an einer sicheren und effizienten Bereitstellung sowie der Optimierung unseres Onlineangebotes gem\u00e4\u00df Art. 6 Abs. 1 lit. f. DSGVO.<\/p>\n<\/section>\n\n<section class=\"container content gb-block wp-block-paragraph fade-in\">\n<p class=\"hyphenate\" lang=\"de\"><strong>6.3.16 Taboola CDN<\/strong><br \/>Wir verwenden zur ordnungsgem\u00e4\u00dfen Bereitstellung der Inhalte unserer Webseite Taboola CDN. Taboola CDN ist ein Dienst der Taboola, Inc., welcher auf unserer Webseite als Content Delivery Network (CDN) fungiert.<\/p>\n<\/section>\n\n<section class=\"container content gb-block wp-block-paragraph fade-in\">\n<p class=\"hyphenate\" lang=\"de\">Ein CDN tr\u00e4gt dazu bei, Inhalte unseres Onlineangebotes, insbesondere Dateien wie Grafiken oder Skripte, mit Hilfe regional oder international verteilter Server schneller bereitzustellen. Wenn Sie auf diese Inhalte zugreifen, stellen Sie eine Verbindung zu Servern der Taboola, Inc., 16 Madison Square West, 7th fl., New York, NY, 10010, United States her, wobei Ihre IP-Adresse und ggf. Browserdaten wie Ihr User-Agent \u00fcbermittelt werden. Diese Daten werden ausschlie\u00dflich zu den oben genannten Zwecken und zur Aufrechterhaltung der Sicherheit und Funktionalit\u00e4t von Taboola CDN verarbeitet.<\/p>\n<\/section>\n\n<section class=\"container content gb-block wp-block-paragraph fade-in\">\n<p class=\"hyphenate\" lang=\"de\">Die Nutzung des Content Delivery Networks erfolgt auf Grundlage unserer berechtigten Interessen, d.h. Interesse an einer sicheren und effizienten Bereitstellung sowie der Optimierung unseres Onlineangebotes gem\u00e4\u00df Art. 6 Abs. 1 lit. f. DSGVO.<\/p>\n<\/section>\n\n<section class=\"container content gb-block wp-block-paragraph fade-in\">\n<p class=\"hyphenate\" lang=\"de\"><strong>6.3.17 Cloudflare CDN<\/strong><br \/>Wir verwenden zur ordnungsgem\u00e4\u00dfen Bereitstellung der Inhalte unserer Webseite Cloudflare CDN. Cloudflare CDN ist ein Dienst der Cloudflare, Inc., welcher auf unserer Webseite als Content Delivery Network (CDN) fungiert.<\/p>\n<\/section>\n\n<section class=\"container content gb-block wp-block-paragraph fade-in\">\n<p class=\"hyphenate\" lang=\"de\">Ein CDN tr\u00e4gt dazu bei, Inhalte unseres Onlineangebotes, insbesondere Dateien wie Grafiken oder Skripte, mit Hilfe regional oder international verteilter Server schneller bereitzustellen. Wenn Sie auf diese Inhalte zugreifen, stellen Sie eine Verbindung zu Servern der Cloudflare, Inc, 101 Townsend St, San Francisco, CA, 94107, United States her, wobei Ihre IP-Adresse und ggf. Browserdaten wie Ihr User-Agent \u00fcbermittelt werden. Diese Daten werden ausschlie\u00dflich zu den oben genannten Zwecken und zur Aufrechterhaltung der Sicherheit und Funktionalit\u00e4t von Cloudflare CDN verarbeitet.<\/p>\n<\/section>\n\n<section class=\"container content gb-block wp-block-paragraph fade-in\">\n<p class=\"hyphenate\" lang=\"de\">Die Nutzung des Content Delivery Networks erfolgt auf Grundlage unserer berechtigten Interessen, d.h. Interesse an einer sicheren und effizienten Bereitstellung sowie der Optimierung unseres Onlineangebotes gem\u00e4\u00df Art. 6 Abs. 1 lit. f. DSGVO.<\/p>\n<\/section>\n\n<section class=\"container content gb-block wp-block-heading fade-in\">\n<h2 class=\"wp-block-heading\" id=\"h-6-4-kontaktaufnahme\"><strong>6.4 Kontaktaufnahme<\/strong><\/h2>\n<\/section>\n\n<section class=\"container content gb-block wp-block-paragraph fade-in\">\n<p class=\"hyphenate\" lang=\"de\">Nachfolgend beschreiben wir die M\u00f6glichkeiten der Kontaktaufnahme mit den Mitarbeitern unseres Unternehmens.<\/p>\n<\/section>\n\n<section class=\"container content gb-block wp-block-paragraph fade-in\">\n<p class=\"hyphenate\" lang=\"de\"><strong>6.4.1 Kontaktformular<\/strong><br \/>Wenn Sie uns per Kontaktformular Anfragen zukommen lassen, werden Ihre Angaben aus dem Anfrageformular inklusive der von Ihnen dort angegebenen Kontaktdaten zwecks Bearbeitung der Anfrage und f\u00fcr den Fall von Anschlussfragen bei uns gespeichert. Diese Daten geben wir nicht ohne Ihre Einwilligung weiter.<\/p>\n<\/section>\n\n<section class=\"container content gb-block wp-block-paragraph fade-in\">\n<p class=\"hyphenate\" lang=\"de\">Die Verarbeitung der in das Kontaktformular eingegebenen Daten erfolgt somit im ersten Schritt auf Grundlage Ihrer Einwilligung (Art. 6 Abs. 1 lit. a DSGVO). Sie k\u00f6nnen diese Einwilligung jederzeit widerrufen. Dazu reicht eine formlose Mitteilung per E-Mail an uns. Die Rechtm\u00e4\u00dfigkeit der bis zum Widerruf erfolgten Datenverarbeitungsvorg\u00e4nge bleibt vom Widerruf unber\u00fchrt. Im weiterf\u00fchrenden Schriftwechsel kann es zu einem Wechsel der Rechtm\u00e4\u00dfigkeit kommen (z.B., wenn Sie um ein Angebot bitten), dann werden Ihre Daten nach Art. 6 Abs. 1 lit b DSGVO verarbeitet.<\/p>\n<\/section>\n\n<section class=\"container content gb-block wp-block-paragraph fade-in\">\n<p class=\"hyphenate\" lang=\"de\">Die von Ihnen im Kontaktformular eingegebenen Daten verbleiben bei uns, bis Sie uns zur L\u00f6schung auffordern, Ihre Einwilligung zur Speicherung widerrufen oder der Zweck f\u00fcr die Datenspeicherung entf\u00e4llt (z.B. nach abgeschlossener Bearbeitung Ihrer Anfrage). Zwingende gesetzliche Bestimmungen \u2013 insbesondere Aufbewahrungsfristen \u2013 bleiben hiervon unber\u00fchrt.<\/p>\n<\/section>\n\n<section class=\"container content gb-block wp-block-paragraph fade-in\">\n<p class=\"hyphenate\" lang=\"de\"><strong>6.4.2 E-Mail \/ Telefonanfrage<\/strong><br \/>Wenn Sie uns per E-Mail bzw. Telefon Anfragen zukommen lassen, werden Ihre Angaben aus der E-Mail bzw. aus dem Gespr\u00e4ch inklusive der von Ihnen dort angegebenen Kontaktdaten zwecks Bearbeitung der Anfrage und f\u00fcr den Fall von Anschlussfragen bei uns gespeichert. Diese Daten geben wir nicht ohne Ihre Einwilligung weiter.<\/p>\n<\/section>\n\n<section class=\"container content gb-block wp-block-paragraph fade-in\">\n<p class=\"hyphenate\" lang=\"de\">Die Verarbeitung der in der Mail bzw. aus dem Telefongespr\u00e4ch angegebenen Daten erfolgt somit auf Grundlage Ihrer Einwilligung (Art. 6 Abs. 1 lit. a DSGVO). Sie k\u00f6nnen diese Einwilligung jederzeit widerrufen. Dazu reicht eine formlose Mitteilung per E-Mail an uns. Die Rechtm\u00e4\u00dfigkeit der bis zum Widerruf erfolgten Datenverarbeitungsvorg\u00e4nge bleibt vom Widerruf unber\u00fchrt. Im weiterf\u00fchrenden Schriftwechsel kann es zu einem Wechsel der Rechtm\u00e4\u00dfigkeit kommen (z.B., wenn es sich um einen gesch\u00e4ftlichen Schriftwechsel handelt), dann werden Ihre Daten nach Art. 6 Abs. 1 lit b DSGVO verarbeitet.<\/p>\n<\/section>\n\n<section class=\"container content gb-block wp-block-paragraph fade-in\">\n<p class=\"hyphenate\" lang=\"de\">Die von Ihnen in der Mail bzw. aus dem Telefongespr\u00e4ch angegebenen Daten verbleiben bei uns, bis Sie uns zur L\u00f6schung auffordern, Ihre Einwilligung zur Speicherung widerrufen oder der Zweck f\u00fcr die Datenspeicherung entf\u00e4llt (z.B. nach abgeschlossener Bearbeitung Ihrer Anfrage). Zwingende gesetzliche Bestimmungen \u2013 insbesondere Aufbewahrungsfristen \u2013 bleiben hiervon unber\u00fchrt.<\/p>\n<\/section>\n\n<section class=\"container content gb-block wp-block-heading fade-in\">\n<h2 class=\"wp-block-heading\" id=\"h-7-schutz-verschlusselung\">7. Schutz \/ Verschl\u00fcsselung<\/h2>\n<\/section>\n\n<section class=\"container content gb-block wp-block-paragraph fade-in\">\n<p class=\"hyphenate\" lang=\"de\">Diese Seite nutzt aus Sicherheitsgr\u00fcnden und zum Schutz der \u00dcbertragung vertraulicher Inhalte, wie zum Beispiel Bestellungen oder Anfragen, die Sie an uns als Seitenbetreiber senden, eine SSL-bzw. TLS-Verschl\u00fcsselung. Eine verschl\u00fcsselte Verbindung erkennen Sie daran, dass die Adresszeile des Browsers von \u201chttp:\/\/\u201d auf \u201chttps:\/\/\u201d wechselt und an dem Schloss-Symbol in Ihrer Browserzeile.<\/p>\n<\/section>\n\n<section class=\"container content gb-block wp-block-paragraph fade-in\">\n<p class=\"hyphenate\" lang=\"de\">Wenn die SSL- bzw. TLS-Verschl\u00fcsselung aktiviert ist, k\u00f6nnen die Daten, die Sie an uns \u00fcbermitteln, nicht von Dritten mitgelesen werden.<\/p>\n<\/section>\n\n<section class=\"container content gb-block wp-block-heading fade-in\">\n<h2 class=\"wp-block-heading\" id=\"h-8-aktualitat-stand\">8. Aktualit\u00e4t \/ Stand<\/h2>\n<\/section>\n\n<section class=\"container content gb-block wp-block-paragraph fade-in\">\n<p class=\"hyphenate\" lang=\"de\">Diese Datenschutzerkl\u00e4rung hat den Stand Dezember 2022 und unterliegt der regelm\u00e4\u00dfigen Fortschreibung und Anpassung an neue gesetzliche Rahmenbedingungen und technische Entwicklungen.<\/p>\n<\/section>\n\n<section class=\"container content gb-block wp-block-spacer fade-in\">\n<div style=\"height:44px\" aria-hidden=\"true\" class=\"wp-block-spacer\"><\/div>\n<\/section>","protected":false},"excerpt":{"rendered":"<p class=\"hyphenate\" lang=\"de\">Datenschutzerkl\u00e4rung der eology GmbH 1. Pr\u00e4ambel Wir freuen uns \u00fcber Ihren Besuch auf der Webseite unseres Unternehmens. Grunds\u00e4tzlich k\u00f6nnen Sie diese Internetpr\u00e4senz ohne die Angabe von personenbezogenen Daten verwenden. Sollten Sie uns gegen\u00fcber Daten im Zusammenhang mit den nachfolgend beschriebenen Verarbeitungen offenlegen, behandeln wir Ihre personenbezogenen Daten vertraulich und entsprechend den gesetzlichen Datenschutzvorschriften der europ\u00e4ischen&nbsp;...&nbsp;<a href=\"https:\/\/eovent.eology.de\/eosearchsummit\/datenschutz\" class=\"more-link\">Weiterlesen<\/a><\/p>","protected":false},"author":3,"featured_media":139,"parent":0,"menu_order":202,"comment_status":"closed","ping_status":"closed","template":"","meta":{"_acf_changed":false,"footnotes":""},"class_list":["post-73","page","type-page","status-publish","has-post-thumbnail","hentry"],"acf":[],"yoast_head":"<!-- This site is optimized with the Yoast SEO Premium plugin v27.3 (Yoast SEO v27.3) - https:\/\/yoast.com\/product\/yoast-seo-premium-wordpress\/ -->\n<title>Datenschutz - Online Marketing Konferenz<\/title>\n<meta name=\"robots\" content=\"index, follow, max-snippet:-1, max-image-preview:large, max-video-preview:-1\" \/>\n<link rel=\"canonical\" href=\"https:\/\/eovent.eology.de\/eosearchsummit\/datenschutz\" \/>\n<meta property=\"og:locale\" content=\"de_DE\" \/>\n<meta property=\"og:type\" content=\"article\" \/>\n<meta property=\"og:title\" content=\"Datenschutz\" \/>\n<meta property=\"og:description\" content=\"Datenschutzerkl\u00e4rung der eology GmbH 1. Pr\u00e4ambel Wir freuen uns \u00fcber Ihren Besuch auf der Webseite unseres Unternehmens. Grunds\u00e4tzlich k\u00f6nnen Sie diese Internetpr\u00e4senz ohne die Angabe von personenbezogenen Daten verwenden. Sollten Sie uns gegen\u00fcber Daten im Zusammenhang mit den nachfolgend beschriebenen Verarbeitungen offenlegen, behandeln wir Ihre personenbezogenen Daten vertraulich und entsprechend den gesetzlichen Datenschutzvorschriften der europ\u00e4ischen\" \/>\n<meta property=\"og:url\" content=\"https:\/\/eovent.eology.de\/eosearchsummit\/datenschutz\" \/>\n<meta property=\"og:site_name\" content=\"Online Marketing Konferenz\" \/>\n<meta property=\"article:publisher\" content=\"https:\/\/www.facebook.com\/eology\" \/>\n<meta property=\"article:modified_time\" content=\"2025-11-10T12:50:55+00:00\" \/>\n<meta property=\"og:image\" content=\"https:\/\/eovent.eology.de\/eosearchsummit\/wp-content\/uploads\/sites\/3\/2023\/04\/Test_Titelbild.jpg\" \/>\n\t<meta property=\"og:image:width\" content=\"1024\" \/>\n\t<meta property=\"og:image:height\" content=\"576\" \/>\n\t<meta property=\"og:image:type\" content=\"image\/jpeg\" \/>\n<meta name=\"twitter:card\" content=\"summary_large_image\" \/>\n<meta name=\"twitter:label1\" content=\"Gesch\u00e4tzte Lesezeit\" \/>\n\t<meta name=\"twitter:data1\" content=\"32\u00a0Minuten\" \/>\n<script type=\"application\/ld+json\" class=\"yoast-schema-graph\">{\"@context\":\"https:\\\/\\\/schema.org\",\"@graph\":[{\"@type\":\"WebPage\",\"@id\":\"https:\\\/\\\/eovent.eology.de\\\/eosearchsummit\\\/datenschutz\",\"url\":\"https:\\\/\\\/eovent.eology.de\\\/eosearchsummit\\\/datenschutz\",\"name\":\"Datenschutz - Online Marketing Konferenz\",\"isPartOf\":{\"@id\":\"https:\\\/\\\/eovent.eology.de\\\/eosearchsummit\\\/#website\"},\"primaryImageOfPage\":{\"@id\":\"https:\\\/\\\/eovent.eology.de\\\/eosearchsummit\\\/datenschutz#primaryimage\"},\"image\":{\"@id\":\"https:\\\/\\\/eovent.eology.de\\\/eosearchsummit\\\/datenschutz#primaryimage\"},\"thumbnailUrl\":\"https:\\\/\\\/eovent.eology.de\\\/eosearchsummit\\\/wp-content\\\/uploads\\\/sites\\\/3\\\/2023\\\/04\\\/Test_Titelbild.jpg\",\"datePublished\":\"2023-04-03T09:26:06+00:00\",\"dateModified\":\"2025-11-10T12:50:55+00:00\",\"breadcrumb\":{\"@id\":\"https:\\\/\\\/eovent.eology.de\\\/eosearchsummit\\\/datenschutz#breadcrumb\"},\"inLanguage\":\"de\",\"potentialAction\":[{\"@type\":\"ReadAction\",\"target\":[\"https:\\\/\\\/eovent.eology.de\\\/eosearchsummit\\\/datenschutz\"]}]},{\"@type\":\"ImageObject\",\"inLanguage\":\"de\",\"@id\":\"https:\\\/\\\/eovent.eology.de\\\/eosearchsummit\\\/datenschutz#primaryimage\",\"url\":\"https:\\\/\\\/eovent.eology.de\\\/eosearchsummit\\\/wp-content\\\/uploads\\\/sites\\\/3\\\/2023\\\/04\\\/Test_Titelbild.jpg\",\"contentUrl\":\"https:\\\/\\\/eovent.eology.de\\\/eosearchsummit\\\/wp-content\\\/uploads\\\/sites\\\/3\\\/2023\\\/04\\\/Test_Titelbild.jpg\",\"width\":1920,\"height\":1080},{\"@type\":\"BreadcrumbList\",\"@id\":\"https:\\\/\\\/eovent.eology.de\\\/eosearchsummit\\\/datenschutz#breadcrumb\",\"itemListElement\":[{\"@type\":\"ListItem\",\"position\":1,\"name\":\"Startseite\",\"item\":\"https:\\\/\\\/eovent.eology.de\\\/eosearchsummit\\\/\"},{\"@type\":\"ListItem\",\"position\":2,\"name\":\"Datenschutz\"}]},{\"@type\":\"WebSite\",\"@id\":\"https:\\\/\\\/eovent.eology.de\\\/eosearchsummit\\\/#website\",\"url\":\"https:\\\/\\\/eovent.eology.de\\\/eosearchsummit\\\/\",\"name\":\"Online Marketing Konferenz\",\"description\":\"\",\"publisher\":{\"@id\":\"https:\\\/\\\/eovent.eology.de\\\/eosearchsummit\\\/#organization\"},\"potentialAction\":[{\"@type\":\"SearchAction\",\"target\":{\"@type\":\"EntryPoint\",\"urlTemplate\":\"https:\\\/\\\/eovent.eology.de\\\/eosearchsummit\\\/?s={search_term_string}\"},\"query-input\":{\"@type\":\"PropertyValueSpecification\",\"valueRequired\":true,\"valueName\":\"search_term_string\"}}],\"inLanguage\":\"de\"},{\"@type\":\"Organization\",\"@id\":\"https:\\\/\\\/eovent.eology.de\\\/eosearchsummit\\\/#organization\",\"name\":\"eosearchsummit\",\"url\":\"https:\\\/\\\/eovent.eology.de\\\/eosearchsummit\\\/\",\"logo\":{\"@type\":\"ImageObject\",\"inLanguage\":\"de\",\"@id\":\"https:\\\/\\\/eovent.eology.de\\\/eosearchsummit\\\/#\\\/schema\\\/logo\\\/image\\\/\",\"url\":\"https:\\\/\\\/www.eosearchsummit.de\\\/wp-content\\\/uploads\\\/sites\\\/3\\\/2023\\\/09\\\/eosearchsummit-logo_auf-weiss_208x78.svg\",\"contentUrl\":\"https:\\\/\\\/www.eosearchsummit.de\\\/wp-content\\\/uploads\\\/sites\\\/3\\\/2023\\\/09\\\/eosearchsummit-logo_auf-weiss_208x78.svg\",\"width\":1,\"height\":1,\"caption\":\"eosearchsummit\"},\"image\":{\"@id\":\"https:\\\/\\\/eovent.eology.de\\\/eosearchsummit\\\/#\\\/schema\\\/logo\\\/image\\\/\"},\"sameAs\":[\"https:\\\/\\\/www.facebook.com\\\/eology\",\"https:\\\/\\\/www.instagram.com\\\/eology_gmbh\"]}]}<\/script>\n<!-- \/ Yoast SEO Premium plugin. -->","yoast_head_json":{"title":"Datenschutz - Online Marketing Konferenz","robots":{"index":"index","follow":"follow","max-snippet":"max-snippet:-1","max-image-preview":"max-image-preview:large","max-video-preview":"max-video-preview:-1"},"canonical":"https:\/\/eovent.eology.de\/eosearchsummit\/datenschutz","og_locale":"de_DE","og_type":"article","og_title":"Datenschutz","og_description":"Datenschutzerkl\u00e4rung der eology GmbH 1. Pr\u00e4ambel Wir freuen uns \u00fcber Ihren Besuch auf der Webseite unseres Unternehmens. Grunds\u00e4tzlich k\u00f6nnen Sie diese Internetpr\u00e4senz ohne die Angabe von personenbezogenen Daten verwenden. Sollten Sie uns gegen\u00fcber Daten im Zusammenhang mit den nachfolgend beschriebenen Verarbeitungen offenlegen, behandeln wir Ihre personenbezogenen Daten vertraulich und entsprechend den gesetzlichen Datenschutzvorschriften der europ\u00e4ischen","og_url":"https:\/\/eovent.eology.de\/eosearchsummit\/datenschutz","og_site_name":"Online Marketing Konferenz","article_publisher":"https:\/\/www.facebook.com\/eology","article_modified_time":"2025-11-10T12:50:55+00:00","og_image":[{"url":"https:\/\/eovent.eology.de\/eosearchsummit\/wp-content\/uploads\/sites\/3\/2023\/04\/Test_Titelbild.jpg","width":1024,"height":576,"type":"image\/jpeg"}],"twitter_card":"summary_large_image","twitter_misc":{"Gesch\u00e4tzte Lesezeit":"32\u00a0Minuten"},"schema":{"@context":"https:\/\/schema.org","@graph":[{"@type":"WebPage","@id":"https:\/\/eovent.eology.de\/eosearchsummit\/datenschutz","url":"https:\/\/eovent.eology.de\/eosearchsummit\/datenschutz","name":"Datenschutz - Online Marketing Konferenz","isPartOf":{"@id":"https:\/\/eovent.eology.de\/eosearchsummit\/#website"},"primaryImageOfPage":{"@id":"https:\/\/eovent.eology.de\/eosearchsummit\/datenschutz#primaryimage"},"image":{"@id":"https:\/\/eovent.eology.de\/eosearchsummit\/datenschutz#primaryimage"},"thumbnailUrl":"https:\/\/eovent.eology.de\/eosearchsummit\/wp-content\/uploads\/sites\/3\/2023\/04\/Test_Titelbild.jpg","datePublished":"2023-04-03T09:26:06+00:00","dateModified":"2025-11-10T12:50:55+00:00","breadcrumb":{"@id":"https:\/\/eovent.eology.de\/eosearchsummit\/datenschutz#breadcrumb"},"inLanguage":"de","potentialAction":[{"@type":"ReadAction","target":["https:\/\/eovent.eology.de\/eosearchsummit\/datenschutz"]}]},{"@type":"ImageObject","inLanguage":"de","@id":"https:\/\/eovent.eology.de\/eosearchsummit\/datenschutz#primaryimage","url":"https:\/\/eovent.eology.de\/eosearchsummit\/wp-content\/uploads\/sites\/3\/2023\/04\/Test_Titelbild.jpg","contentUrl":"https:\/\/eovent.eology.de\/eosearchsummit\/wp-content\/uploads\/sites\/3\/2023\/04\/Test_Titelbild.jpg","width":1920,"height":1080},{"@type":"BreadcrumbList","@id":"https:\/\/eovent.eology.de\/eosearchsummit\/datenschutz#breadcrumb","itemListElement":[{"@type":"ListItem","position":1,"name":"Startseite","item":"https:\/\/eovent.eology.de\/eosearchsummit\/"},{"@type":"ListItem","position":2,"name":"Datenschutz"}]},{"@type":"WebSite","@id":"https:\/\/eovent.eology.de\/eosearchsummit\/#website","url":"https:\/\/eovent.eology.de\/eosearchsummit\/","name":"Online Marketing Konferenz","description":"","publisher":{"@id":"https:\/\/eovent.eology.de\/eosearchsummit\/#organization"},"potentialAction":[{"@type":"SearchAction","target":{"@type":"EntryPoint","urlTemplate":"https:\/\/eovent.eology.de\/eosearchsummit\/?s={search_term_string}"},"query-input":{"@type":"PropertyValueSpecification","valueRequired":true,"valueName":"search_term_string"}}],"inLanguage":"de"},{"@type":"Organization","@id":"https:\/\/eovent.eology.de\/eosearchsummit\/#organization","name":"eosearchsummit","url":"https:\/\/eovent.eology.de\/eosearchsummit\/","logo":{"@type":"ImageObject","inLanguage":"de","@id":"https:\/\/eovent.eology.de\/eosearchsummit\/#\/schema\/logo\/image\/","url":"https:\/\/www.eosearchsummit.de\/wp-content\/uploads\/sites\/3\/2023\/09\/eosearchsummit-logo_auf-weiss_208x78.svg","contentUrl":"https:\/\/www.eosearchsummit.de\/wp-content\/uploads\/sites\/3\/2023\/09\/eosearchsummit-logo_auf-weiss_208x78.svg","width":1,"height":1,"caption":"eosearchsummit"},"image":{"@id":"https:\/\/eovent.eology.de\/eosearchsummit\/#\/schema\/logo\/image\/"},"sameAs":["https:\/\/www.facebook.com\/eology","https:\/\/www.instagram.com\/eology_gmbh"]}]}},"_links":{"self":[{"href":"https:\/\/eovent.eology.de\/eosearchsummit\/wp-json\/wp\/v2\/pages\/73","targetHints":{"allow":["GET"]}}],"collection":[{"href":"https:\/\/eovent.eology.de\/eosearchsummit\/wp-json\/wp\/v2\/pages"}],"about":[{"href":"https:\/\/eovent.eology.de\/eosearchsummit\/wp-json\/wp\/v2\/types\/page"}],"author":[{"embeddable":true,"href":"https:\/\/eovent.eology.de\/eosearchsummit\/wp-json\/wp\/v2\/users\/3"}],"replies":[{"embeddable":true,"href":"https:\/\/eovent.eology.de\/eosearchsummit\/wp-json\/wp\/v2\/comments?post=73"}],"version-history":[{"count":6,"href":"https:\/\/eovent.eology.de\/eosearchsummit\/wp-json\/wp\/v2\/pages\/73\/revisions"}],"predecessor-version":[{"id":1540,"href":"https:\/\/eovent.eology.de\/eosearchsummit\/wp-json\/wp\/v2\/pages\/73\/revisions\/1540"}],"wp:featuredmedia":[{"embeddable":true,"href":"https:\/\/eovent.eology.de\/eosearchsummit\/wp-json\/wp\/v2\/media\/139"}],"wp:attachment":[{"href":"https:\/\/eovent.eology.de\/eosearchsummit\/wp-json\/wp\/v2\/media?parent=73"}],"curies":[{"name":"wp","href":"https:\/\/api.w.org\/{rel}","templated":true}]}}